{"id":674,"date":"2022-06-17T18:41:50","date_gmt":"2022-06-17T16:41:50","guid":{"rendered":"https:\/\/pastoraledutourisme41.fr\/?page_id=674"},"modified":"2022-06-30T15:27:24","modified_gmt":"2022-06-30T13:27:24","slug":"calendrier-complet","status":"publish","type":"page","link":"https:\/\/pastoraledutourisme41.fr\/index.php\/calendrier-complet\/","title":{"rendered":"Calendrier complet"},"content":{"rendered":"<p><strong>Pour toutes les visites : RDV \u00e0 15h devant l&rsquo;\u00e9glise, sauf pr\u00e9cisions particuli\u00e8res.<\/strong><\/p>\n<div class=\"simcal-calendar simcal-default-calendar simcal-default-calendar-list simcal-default-calendar-dark\" data-calendar-id=\"673\" data-timezone=\"Europe\/Paris\" data-offset=\"7200\" data-week-start=\"1\" data-calendar-start=\"1767225600\" data-calendar-end=\"1793977200\" data-events-first=\"1772377200\" data-events-last=\"1793977200\"><div class=\"simcal-calendar-list \"><dl class=\"simcal-events-list-container\" data-prev=\"1719788400\" data-next=\"1814396400\" data-heading-small=\"Mar - Nov 2026\" data-heading-large=\"mars - novembre, 2026\">\t<dt class=\"simcal-day-label\" style=\"border-bottom: 1px solid #000000;\" ><span style=\"background-color: #000000; color: #ffffff;\"><span class=\"simcal-date-format\" data-date-format=\"l d F Y\">dimanche 01 mars 2026<\/span> <\/span><\/dt>\n<dd class=\"simcal-weekday-0 simcal-past simcal-day simcal-day-has-events simcal-day-has-1-events simcal-events-calendar-673\" data-events-count=\"1\">\n\t<ul class=\"simcal-events\">\n\t<li class=\"simcal-event simcal-event-has-location simcal-events-calendar-673\" style=\"\" itemscope itemtype=\"http:\/\/schema.org\/Event\" data-start=\"1772377200\">\n\t\t<div class=\"simcal-event-details\"><p><strong><span class=\"simcal-event-title\" itemprop=\"name\">Blois, basilique Notre-Dame de la Trinit\u00e9<\/span><\/strong><\/p>\n<div>Vos guides : <div class=\"simcal-event-description\" itemprop=\"description\"><p>Conf\u00e9rences de car\u00eame, \u00e0 16h dans la crypte Th\u00e8me : Approfondir le myst\u00e8re de la Trinit\u00e9<br \/>\n\u00a0- Monseigneur Francis Bestion<\/p>\n<\/div><\/div><\/div>\n\t<\/li>\n<\/ul>\n\n<\/dd>\n\t<dt class=\"simcal-day-label\" style=\"border-bottom: 1px solid #000000;\" ><span style=\"background-color: #000000; color: #ffffff;\"><span class=\"simcal-date-format\" data-date-format=\"l d F Y\">dimanche 08 mars 2026<\/span> <\/span><\/dt>\n<dd class=\"simcal-weekday-0 simcal-past simcal-day simcal-day-has-events simcal-day-has-1-events simcal-events-calendar-673\" data-events-count=\"1\">\n\t<ul class=\"simcal-events\">\n\t<li class=\"simcal-event simcal-event-has-location simcal-events-calendar-673\" style=\"\" itemscope itemtype=\"http:\/\/schema.org\/Event\" data-start=\"1772982000\">\n\t\t<div class=\"simcal-event-details\"><p><strong><span class=\"simcal-event-title\" itemprop=\"name\">Blois, basilique Notre-Dame de la Trinit\u00e9<\/span><\/strong><\/p>\n<div>Vos guides : <div class=\"simcal-event-description\" itemprop=\"description\"><p>Conf\u00e9rences de car\u00eame, \u00e0 16h dans la crypte Th\u00e8me : Prier la Trinit\u00e9<br \/><span>- Don Th\u00e9ophile Legrand <\/span><\/p>\n<\/div><\/div><\/div>\n\t<\/li>\n<\/ul>\n\n<\/dd>\n\t<dt class=\"simcal-day-label\" style=\"border-bottom: 1px solid #000000;\" ><span style=\"background-color: #000000; color: #ffffff;\"><span class=\"simcal-date-format\" data-date-format=\"l d F Y\">dimanche 15 mars 2026<\/span> <\/span><\/dt>\n<dd class=\"simcal-weekday-0 simcal-past simcal-day simcal-day-has-events simcal-day-has-1-events simcal-events-calendar-673\" data-events-count=\"1\">\n\t<ul class=\"simcal-events\">\n\t<li class=\"simcal-event simcal-event-has-location simcal-events-calendar-673\" style=\"\" itemscope itemtype=\"http:\/\/schema.org\/Event\" data-start=\"1773586800\">\n\t\t<div class=\"simcal-event-details\"><p><strong><span class=\"simcal-event-title\" itemprop=\"name\">Blois, basilique Notre-Dame de la Trinit\u00e9<\/span><\/strong><\/p>\n<div>Vos guides : <div class=\"simcal-event-description\" itemprop=\"description\"><p>Conf\u00e9rences de car\u00eame, \u00e0 16h dans la crypte Th\u00e8me : la Trinit\u00e9 dans l\u2019ancien testament<br \/><span>- P\u00e8re Damien Stampers<\/span><\/p>\n<\/div><\/div><\/div>\n\t<\/li>\n<\/ul>\n\n<\/dd>\n\t<dt class=\"simcal-day-label\" style=\"border-bottom: 1px solid #000000;\" ><span style=\"background-color: #000000; color: #ffffff;\"><span class=\"simcal-date-format\" data-date-format=\"l d F Y\">jeudi 19 mars 2026<\/span> <\/span><\/dt>\n<dd class=\"simcal-weekday-4 simcal-past simcal-day simcal-day-has-events simcal-day-has-1-events simcal-events-calendar-673\" data-events-count=\"1\">\n\t<ul class=\"simcal-events\">\n\t<li class=\"simcal-event simcal-event-has-location simcal-events-calendar-673\" style=\"\" itemscope itemtype=\"http:\/\/schema.org\/Event\" data-start=\"1773943200\">\n\t\t<div class=\"simcal-event-details\"><p><strong><span class=\"simcal-event-title\" itemprop=\"name\">Blois, basilique Notre-Dame de la Trinit\u00e9<\/span><\/strong><\/p>\n<div>Vos guides : <div class=\"simcal-event-description\" itemprop=\"description\"><p>F\u00eate de Saint-Joseph, pour les hommes et p\u00e8res de famille \u00e0 19h messe suivie d\u2019un temps convivial et spirituel.<\/p>\n<\/div><\/div><\/div>\n\t<\/li>\n<\/ul>\n\n<\/dd>\n\t<dt class=\"simcal-day-label\" style=\"border-bottom: 1px solid #000000;\" ><span style=\"background-color: #000000; color: #ffffff;\"><span class=\"simcal-date-format\" data-date-format=\"l d F Y\">samedi 21 mars 2026<\/span> <\/span><\/dt>\n<dd class=\"simcal-weekday-6 simcal-past simcal-day simcal-day-has-events simcal-day-has-1-events simcal-events-calendar-673\" data-events-count=\"1\">\n\t<ul class=\"simcal-events\">\n\t<li class=\"simcal-event simcal-event-has-location simcal-events-calendar-673\" style=\"\" itemscope itemtype=\"http:\/\/schema.org\/Event\" data-start=\"1774083600\">\n\t\t<div class=\"simcal-event-details\"><p><strong><span class=\"simcal-event-title\" itemprop=\"name\">Blois, basilique Notre-Dame de la Trinit\u00e9<\/span><\/strong><\/p>\n<div>Vos guides : <div class=\"simcal-event-description\" itemprop=\"description\"><p>Journ\u00e9e du pardon, confessions pour tous de 10h \u00e0 17h.<\/p>\n<\/div><\/div><\/div>\n\t<\/li>\n<\/ul>\n\n<\/dd>\n\t<dt class=\"simcal-day-label\" style=\"border-bottom: 1px solid #000000;\" ><span style=\"background-color: #000000; color: #ffffff;\"><span class=\"simcal-date-format\" data-date-format=\"l d F Y\">dimanche 22 mars 2026<\/span> <\/span><\/dt>\n<dd class=\"simcal-weekday-0 simcal-past simcal-day simcal-day-has-events simcal-day-has-1-events simcal-events-calendar-673\" data-events-count=\"1\">\n\t<ul class=\"simcal-events\">\n\t<li class=\"simcal-event simcal-event-has-location simcal-events-calendar-673\" style=\"\" itemscope itemtype=\"http:\/\/schema.org\/Event\" data-start=\"1774191600\">\n\t\t<div class=\"simcal-event-details\"><p><strong><span class=\"simcal-event-title\" itemprop=\"name\">Blois, basilique Notre-Dame de la Trinit\u00e9<\/span><\/strong><\/p>\n<div>Vos guides : <div class=\"simcal-event-description\" itemprop=\"description\"><p>Conf\u00e9rences de car\u00eame, \u00e0 16h dans la crypte.<br \/><span>-\u00a0<\/span>Don Pecceu<\/p>\n<\/div><\/div><\/div>\n\t<\/li>\n<\/ul>\n\n<\/dd>\n\t<dt class=\"simcal-day-label\" style=\"border-bottom: 1px solid #000000;\" ><span style=\"background-color: #000000; color: #ffffff;\"><span class=\"simcal-date-format\" data-date-format=\"l d F Y\">dimanche 12 avril 2026<\/span> <\/span><\/dt>\n<dd class=\"simcal-weekday-0 simcal-past simcal-day simcal-day-has-events simcal-day-has-1-events simcal-events-calendar-673 simcal-day-has-events simcal-day-has-2-events simcal-events-calendar-673\" data-events-count=\"2\">\n\t<ul class=\"simcal-events\">\n\t<li class=\"simcal-event simcal-event-has-location simcal-events-calendar-673\" style=\"\" itemscope itemtype=\"http:\/\/schema.org\/Event\" data-start=\"1775998800\">\n\t\t<div class=\"simcal-event-details\"><p><strong><span class=\"simcal-event-title\" itemprop=\"name\">Meusnes - Saint-Pierre aux liens<\/span><\/strong><\/p>\n<div>Vos guides : <div class=\"simcal-event-description\" itemprop=\"description\"><p> J.F Martine  visite de 18h \u00e0 la suite de la Coll\u00e8giale de Saint-Aignan<\/p>\n<\/div><\/div><\/div>\n\t<\/li>\n\t<li class=\"simcal-event simcal-event-has-location simcal-events-calendar-673\" style=\"\" itemscope itemtype=\"http:\/\/schema.org\/Event\" data-start=\"1775998800\">\n\t\t<div class=\"simcal-event-details\"><p><strong><span class=\"simcal-event-title\" itemprop=\"name\">Saint-Aignan - Coll\u00e8giale<\/span><\/strong><\/p>\n<div>Vos guides : <div class=\"simcal-event-description\" itemprop=\"description\"><p> J.F Martine  coupl\u00e9e avec Meusnes<\/p>\n<\/div><\/div><\/div>\n\t<\/li>\n<\/ul>\n\n<\/dd>\n\t<dt class=\"simcal-day-label\" style=\"border-bottom: 1px solid #000000;\" ><span style=\"background-color: #000000; color: #ffffff;\"><span class=\"simcal-date-format\" data-date-format=\"l d F Y\">samedi 18 avril 2026<\/span> <\/span><\/dt>\n<dd class=\"simcal-weekday-6 simcal-past simcal-day simcal-day-has-events simcal-day-has-1-events simcal-events-calendar-673\" data-events-count=\"1\">\n\t<ul class=\"simcal-events\">\n\t<li class=\"simcal-event simcal-event-has-location simcal-events-calendar-673\" style=\"\" itemscope itemtype=\"http:\/\/schema.org\/Event\" data-start=\"1776520800\">\n\t\t<div class=\"simcal-event-details\"><p><strong><span class=\"simcal-event-title\" itemprop=\"name\">Blois, basilique Notre-Dame de la Trinit\u00e9<\/span><\/strong><\/p>\n<div>Vos guides : <div class=\"simcal-event-description\" itemprop=\"description\"><p>Concert de Carillon \u00e0 16h sur le parvis ou clo\u00eetre de la basilique Notre-Dame de la Trinit\u00e9.<\/p>\n<\/div><\/div><\/div>\n\t<\/li>\n<\/ul>\n\n<\/dd>\n\t<dt class=\"simcal-day-label\" style=\"border-bottom: 1px solid #000000;\" ><span style=\"background-color: #000000; color: #ffffff;\"><span class=\"simcal-date-format\" data-date-format=\"l d F Y\">dimanche 19 avril 2026<\/span> <\/span><\/dt>\n<dd class=\"simcal-weekday-0 simcal-past simcal-day simcal-day-has-events simcal-day-has-1-events simcal-events-calendar-673\" data-events-count=\"1\">\n\t<ul class=\"simcal-events\">\n\t<li class=\"simcal-event simcal-event-has-location simcal-events-calendar-673\" style=\"\" itemscope itemtype=\"http:\/\/schema.org\/Event\" data-start=\"1776603600\">\n\t\t<div class=\"simcal-event-details\"><p><strong><span class=\"simcal-event-title\" itemprop=\"name\">Blois - Saint-Vincent<\/span><\/strong><\/p>\n<div>Vos guides : <div class=\"simcal-event-description\" itemprop=\"description\"><p> Ph. Berger<\/p>\n<\/div><\/div><\/div>\n\t<\/li>\n<\/ul>\n\n<\/dd>\n\t<dt class=\"simcal-day-label\" style=\"border-bottom: 1px solid #000000;\" ><span style=\"background-color: #000000; color: #ffffff;\"><span class=\"simcal-date-format\" data-date-format=\"l d F Y\">samedi 25 avril 2026<\/span> <\/span><\/dt>\n<dd class=\"simcal-weekday-6 simcal-past simcal-day simcal-day-has-events simcal-day-has-1-events simcal-events-calendar-673 simcal-day-has-events simcal-day-has-2-events simcal-events-calendar-673\" data-events-count=\"2\">\n\t<ul class=\"simcal-events\">\n\t<li class=\"simcal-event simcal-event-has-location simcal-events-calendar-673\" style=\"\" itemscope itemtype=\"http:\/\/schema.org\/Event\" data-start=\"1777122000\">\n\t\t<div class=\"simcal-event-details\"><p><strong><span class=\"simcal-event-title\" itemprop=\"name\">Ch\u00e2teauvieux - Saint-Hilaire<\/span><\/strong><\/p>\n<div>Vos guides : <div class=\"simcal-event-description\" itemprop=\"description\"><p> J. Chausset  02 54 75 19 09<\/p>\n<\/div><\/div><\/div>\n\t<\/li>\n\t<li class=\"simcal-event simcal-event-has-location simcal-events-calendar-673\" style=\"\" itemscope itemtype=\"http:\/\/schema.org\/Event\" data-start=\"1777122000\">\n\t\t<div class=\"simcal-event-details\"><p><strong><span class=\"simcal-event-title\" itemprop=\"name\">Souvigny-en-Sologne - Saint-Martin<\/span><\/strong><\/p>\n<div>Vos guides : <div class=\"simcal-event-description\" itemprop=\"description\"><p> N. de Br\u00e9z\u00e9<\/p>\n<\/div><\/div><\/div>\n\t<\/li>\n<\/ul>\n\n<\/dd>\n\t<dt class=\"simcal-day-label\" style=\"border-bottom: 1px solid #000000;\" ><span style=\"background-color: #000000; color: #ffffff;\"><span class=\"simcal-date-format\" data-date-format=\"l d F Y\">dimanche 26 avril 2026<\/span> <\/span><\/dt>\n<dd class=\"simcal-weekday-0 simcal-past simcal-day simcal-day-has-events simcal-day-has-1-events simcal-events-calendar-673\" data-events-count=\"1\">\n\t<ul class=\"simcal-events\">\n\t<li class=\"simcal-event simcal-event-has-location simcal-events-calendar-673\" style=\"\" itemscope itemtype=\"http:\/\/schema.org\/Event\" data-start=\"1777192200\">\n\t\t<div class=\"simcal-event-details\"><p><strong><span class=\"simcal-event-title\" itemprop=\"name\">Saint Dy\u00e9-sur-Loire, \u00e9glise de Saint-Dy\u00e9<\/span><\/strong><\/p>\n<div>Vos guides : <div class=\"simcal-event-description\" itemprop=\"description\"><p>F\u00eate patronale de Saint-Dy\u00e9 - 10h30 P\u00e8lerinage jusqu\u2019\u00e0 la grotte de saint D\u00e9odat - 11h Messe avec l\u2019harmonie de la Chapelle-saint-Martin<br \/>\nVerre de l\u2019amiti\u00e9 et d\u00e9jeuner dans la salle des f\u00eates de la mairie, sur r\u00e9servation.<\/p>\n<\/div><\/div><\/div>\n\t<\/li>\n<\/ul>\n\n<\/dd>\n\t<dt class=\"simcal-day-label\" style=\"border-bottom: 1px solid #000000;\" ><span style=\"background-color: #000000; color: #ffffff;\"><span class=\"simcal-date-format\" data-date-format=\"l d F Y\">vendredi 01 mai 2026<\/span> <\/span><\/dt>\n<dd class=\"simcal-weekday-5 simcal-past simcal-day simcal-day-has-events simcal-day-has-1-events simcal-events-calendar-673 simcal-day-has-events simcal-day-has-2-events simcal-events-calendar-673\" data-events-count=\"2\">\n\t<ul class=\"simcal-events\">\n\t<li class=\"simcal-event simcal-event-has-location simcal-events-calendar-673\" style=\"\" itemscope itemtype=\"http:\/\/schema.org\/Event\" data-start=\"1777615200\">\n\t\t<div class=\"simcal-event-details\"><p><strong><span class=\"simcal-event-title\" itemprop=\"name\">Blois, \u00e9glise Saint Nicolas<\/span><\/strong><\/p>\n<div>Vos guides : <div class=\"simcal-event-description\" itemprop=\"description\"><p>P\u00e8lerinage d\u00e9di\u00e9 \u00e0 Saint Marcou - 8h Ouverture de l\u2019\u00e9glise, pri\u00e8res - 10h Messe suivie de b\u00e9n\u00e9dictionsparticuli\u00e8res de saint Marcou<\/p>\n<\/div><\/div><\/div>\n\t<\/li>\n\t<li class=\"simcal-event simcal-event-has-location simcal-events-calendar-673\" style=\"\" itemscope itemtype=\"http:\/\/schema.org\/Event\" data-start=\"1777640400\">\n\t\t<div class=\"simcal-event-details\"><p><strong><span class=\"simcal-event-title\" itemprop=\"name\">Averdon - Saint-Lubin<\/span><\/strong><\/p>\n<div>Vos guides : <div class=\"simcal-event-description\" itemprop=\"description\"><p> Visite \u00e0 15h<\/p>\n<\/div><\/div><\/div>\n\t<\/li>\n<\/ul>\n\n<\/dd>\n\t<dt class=\"simcal-day-label\" style=\"border-bottom: 1px solid #000000;\" ><span style=\"background-color: #000000; color: #ffffff;\"><span class=\"simcal-date-format\" data-date-format=\"l d F Y\">samedi 02 mai 2026<\/span> <\/span><\/dt>\n<dd class=\"simcal-weekday-6 simcal-past simcal-day simcal-day-has-events simcal-day-has-1-events simcal-events-calendar-673\" data-events-count=\"1\">\n\t<ul class=\"simcal-events\">\n\t<li class=\"simcal-event simcal-event-has-location simcal-events-calendar-673\" style=\"\" itemscope itemtype=\"http:\/\/schema.org\/Event\" data-start=\"1777726800\">\n\t\t<div class=\"simcal-event-details\"><p><strong><span class=\"simcal-event-title\" itemprop=\"name\">Vineuil - Saint-Martin<\/span><\/strong><\/p>\n<div>Vos guides : <div class=\"simcal-event-description\" itemprop=\"description\"><p> \u00c9quipe de Vineuil  02 54 42 04 25 - Laisser un message si absence.<\/p>\n<\/div><\/div><\/div>\n\t<\/li>\n<\/ul>\n\n<\/dd>\n\t<dt class=\"simcal-day-label\" style=\"border-bottom: 1px solid #000000;\" ><span style=\"background-color: #000000; color: #ffffff;\"><span class=\"simcal-date-format\" data-date-format=\"l d F Y\">dimanche 10 mai 2026<\/span> <\/span><\/dt>\n<dd class=\"simcal-weekday-0 simcal-past simcal-day simcal-day-has-events simcal-day-has-1-events simcal-events-calendar-673 simcal-day-has-events simcal-day-has-2-events simcal-events-calendar-673\" data-events-count=\"2\">\n\t<ul class=\"simcal-events\">\n\t<li class=\"simcal-event simcal-event-has-location simcal-events-calendar-673\" style=\"\" itemscope itemtype=\"http:\/\/schema.org\/Event\" data-start=\"1778418000\">\n\t\t<div class=\"simcal-event-details\"><p><strong><span class=\"simcal-event-title\" itemprop=\"name\">Blois - Saint-Vincent<\/span><\/strong><\/p>\n<div>Vos guides : <div class=\"simcal-event-description\" itemprop=\"description\"><p> Ph. Berger<\/p>\n<\/div><\/div><\/div>\n\t<\/li>\n\t<li class=\"simcal-event simcal-event-has-location simcal-events-calendar-673\" style=\"\" itemscope itemtype=\"http:\/\/schema.org\/Event\" data-start=\"1778418000\">\n\t\t<div class=\"simcal-event-details\"><p><strong><span class=\"simcal-event-title\" itemprop=\"name\">Saint-Avit - Assomption de la B.M.V.<\/span><\/strong><\/p>\n<div>Vos guides : <div class=\"simcal-event-description\" itemprop=\"description\"><p> B. Mallet di Bento  06 08 46 81 83<\/p>\n<\/div><\/div><\/div>\n\t<\/li>\n<\/ul>\n\n<\/dd>\n\t<dt class=\"simcal-day-label\" style=\"border-bottom: 1px solid #000000;\" ><span style=\"background-color: #000000; color: #ffffff;\"><span class=\"simcal-date-format\" data-date-format=\"l d F Y\">jeudi 14 mai 2026<\/span> <\/span><\/dt>\n<dd class=\"simcal-weekday-4 simcal-past simcal-day simcal-day-has-events simcal-day-has-1-events simcal-events-calendar-673 simcal-day-has-events simcal-day-has-2-events simcal-events-calendar-673 simcal-day-has-events simcal-day-has-3-events simcal-events-calendar-673\" data-events-count=\"3\">\n\t<ul class=\"simcal-events\">\n\t<li class=\"simcal-event simcal-event-has-location simcal-events-calendar-673\" style=\"\" itemscope itemtype=\"http:\/\/schema.org\/Event\" data-start=\"1778763600\">\n\t\t<div class=\"simcal-event-details\"><p><strong><span class=\"simcal-event-title\" itemprop=\"name\">Conan - Saint-Saturnin<\/span><\/strong><\/p>\n<div>Vos guides : <div class=\"simcal-event-description\" itemprop=\"description\"><p> Circuit 15h Oucques - 16h Conan  \u00c9quipe de Oucques <\/p>\n<\/div><\/div><\/div>\n\t<\/li>\n\t<li class=\"simcal-event simcal-event-has-location simcal-events-calendar-673\" style=\"\" itemscope itemtype=\"http:\/\/schema.org\/Event\" data-start=\"1778763600\">\n\t\t<div class=\"simcal-event-details\"><p><strong><span class=\"simcal-event-title\" itemprop=\"name\">Cou\u00ebtron-au-Perche - Souday - Saint-Pierre aux liens<\/span><\/strong><\/p>\n<div>Vos guides : <div class=\"simcal-event-description\" itemprop=\"description\"><p> X. Fonlladosa  06 01 84 05 30<\/p>\n<\/div><\/div><\/div>\n\t<\/li>\n\t<li class=\"simcal-event simcal-event-has-location simcal-events-calendar-673\" style=\"\" itemscope itemtype=\"http:\/\/schema.org\/Event\" data-start=\"1778763600\">\n\t\t<div class=\"simcal-event-details\"><p><strong><span class=\"simcal-event-title\" itemprop=\"name\">Oucques La Nouvelle - Saint-Jacques le Majeur<\/span><\/strong><\/p>\n<div>Vos guides : <div class=\"simcal-event-description\" itemprop=\"description\"><p> Circuit 15h Oucques - 16h Conan  \u00c9quipe de Oucques <\/p>\n<\/div><\/div><\/div>\n\t<\/li>\n<\/ul>\n\n<\/dd>\n\t<dt class=\"simcal-day-label\" style=\"border-bottom: 1px solid #000000;\" ><span style=\"background-color: #000000; color: #ffffff;\"><span class=\"simcal-date-format\" data-date-format=\"l d F Y\">samedi 16 mai 2026<\/span> <\/span><\/dt>\n<dd class=\"simcal-weekday-6 simcal-past simcal-day simcal-day-has-events simcal-day-has-1-events simcal-events-calendar-673\" data-events-count=\"1\">\n\t<ul class=\"simcal-events\">\n\t<li class=\"simcal-event simcal-event-has-location simcal-events-calendar-673\" style=\"\" itemscope itemtype=\"http:\/\/schema.org\/Event\" data-start=\"1778936400\">\n\t\t<div class=\"simcal-event-details\"><p><strong><span class=\"simcal-event-title\" itemprop=\"name\">Ch\u00e2teauvieux - Saint-Hilaire<\/span><\/strong><\/p>\n<div>Vos guides : <div class=\"simcal-event-description\" itemprop=\"description\"><p> J. Chausset  02 54 75 19 09<\/p>\n<\/div><\/div><\/div>\n\t<\/li>\n<\/ul>\n\n<\/dd>\n\t<dt class=\"simcal-day-label\" style=\"border-bottom: 1px solid #000000;\" ><span style=\"background-color: #000000; color: #ffffff;\"><span class=\"simcal-date-format\" data-date-format=\"l d F Y\">dimanche 17 mai 2026<\/span> <\/span><\/dt>\n<dd class=\"simcal-weekday-0 simcal-past simcal-day simcal-day-has-events simcal-day-has-1-events simcal-events-calendar-673\" data-events-count=\"1\">\n\t<ul class=\"simcal-events\">\n\t<li class=\"simcal-event simcal-event-has-location simcal-events-calendar-673\" style=\"\" itemscope itemtype=\"http:\/\/schema.org\/Event\" data-start=\"1779022800\">\n\t\t<div class=\"simcal-event-details\"><p><strong><span class=\"simcal-event-title\" itemprop=\"name\">Blois - Saint-Saturnin<\/span><\/strong><\/p>\n<div>Vos guides : <div class=\"simcal-event-description\" itemprop=\"description\"><p>\u00a0de 14h30 \u00e0 18h  D. Mondamert,\u00a0\u00a0X. Anquetin<\/p>\n<\/div><\/div><\/div>\n\t<\/li>\n<\/ul>\n\n<\/dd>\n\t<dt class=\"simcal-day-label\" style=\"border-bottom: 1px solid #000000;\" ><span style=\"background-color: #000000; color: #ffffff;\"><span class=\"simcal-date-format\" data-date-format=\"l d F Y\">vendredi 22 mai 2026<\/span> <\/span><\/dt>\n<dd class=\"simcal-weekday-5 simcal-past simcal-day simcal-day-has-events simcal-day-has-1-events simcal-events-calendar-673\" data-events-count=\"1\">\n\t<ul class=\"simcal-events\">\n\t<li class=\"simcal-event simcal-event-has-location simcal-events-calendar-673\" style=\"\" itemscope itemtype=\"http:\/\/schema.org\/Event\" data-start=\"1779454800\">\n\t\t<div class=\"simcal-event-details\"><p><strong><span class=\"simcal-event-title\" itemprop=\"name\">Pruniers-en-Sologne - Saint-Jean-Baptiste<\/span><\/strong><\/p>\n<div>Vos guides : <div class=\"simcal-event-description\" itemprop=\"description\"><p> Les amis de l\u2019\u00e9glise St-Jean-Baptiste  06 26 51 98 81<\/p>\n<\/div><\/div><\/div>\n\t<\/li>\n<\/ul>\n\n<\/dd>\n\t<dt class=\"simcal-day-label\" style=\"border-bottom: 1px solid #000000;\" ><span style=\"background-color: #000000; color: #ffffff;\"><span class=\"simcal-date-format\" data-date-format=\"l d F Y\">dimanche 24 mai 2026<\/span> <\/span><\/dt>\n<dd class=\"simcal-weekday-0 simcal-past simcal-day simcal-day-has-events simcal-day-has-1-events simcal-events-calendar-673\" data-events-count=\"1\">\n\t<ul class=\"simcal-events\">\n\t<li class=\"simcal-event simcal-event-has-location simcal-events-calendar-673\" style=\"\" itemscope itemtype=\"http:\/\/schema.org\/Event\" data-start=\"1779627600\">\n\t\t<div class=\"simcal-event-details\"><p><strong><span class=\"simcal-event-title\" itemprop=\"name\">Blois - Saint-Saturnin<\/span><\/strong><\/p>\n<div>Vos guides : <div class=\"simcal-event-description\" itemprop=\"description\"><p>\u00a0de 14h30 \u00e0 18h  D. Mondamert,\u00a0\u00a0X. Anquetin<\/p>\n<\/div><\/div><\/div>\n\t<\/li>\n<\/ul>\n\n<\/dd>\n\t<dt class=\"simcal-day-label\" style=\"border-bottom: 1px solid #000000;\" ><span style=\"background-color: #000000; color: #ffffff;\"><span class=\"simcal-date-format\" data-date-format=\"l d F Y\">samedi 30 mai 2026<\/span> <\/span><\/dt>\n<dd class=\"simcal-weekday-6 simcal-past simcal-day simcal-day-has-events simcal-day-has-1-events simcal-events-calendar-673\" data-events-count=\"1\">\n\t<ul class=\"simcal-events\">\n\t<li class=\"simcal-event simcal-event-has-location simcal-events-calendar-673\" style=\"\" itemscope itemtype=\"http:\/\/schema.org\/Event\" data-start=\"1780146000\">\n\t\t<div class=\"simcal-event-details\"><p><strong><span class=\"simcal-event-title\" itemprop=\"name\">Souvigny-en-Sologne - Saint-Martin<\/span><\/strong><\/p>\n<div>Vos guides : <div class=\"simcal-event-description\" itemprop=\"description\"><p>\u00a0N. de Br\u00e9z\u00e9\u00a0\u00a0A. Villain \u00a006 03 76 60 88 ou 02 54 88 45 30<\/p>\n<\/div><\/div><\/div>\n\t<\/li>\n<\/ul>\n\n<\/dd>\n\t<dt class=\"simcal-day-label\" style=\"border-bottom: 1px solid #000000;\" ><span style=\"background-color: #000000; color: #ffffff;\"><span class=\"simcal-date-format\" data-date-format=\"l d F Y\">dimanche 31 mai 2026<\/span> <\/span><\/dt>\n<dd class=\"simcal-weekday-0 simcal-past simcal-day simcal-day-has-events simcal-day-has-1-events simcal-events-calendar-673 simcal-day-has-events simcal-day-has-2-events simcal-events-calendar-673\" data-events-count=\"2\">\n\t<ul class=\"simcal-events\">\n\t<li class=\"simcal-event simcal-event-has-location simcal-events-calendar-673\" style=\"\" itemscope itemtype=\"http:\/\/schema.org\/Event\" data-start=\"1780207200\">\n\t\t<div class=\"simcal-event-details\"><p><strong><span class=\"simcal-event-title\" itemprop=\"name\">Chailles - \u00c9glise - P\u00e8lerinage de la Trinit\u00e9<\/span><\/strong><\/p>\n<div>Vos guides : <div class=\"simcal-event-description\" itemprop=\"description\"><p>8h30 D\u00e9part de l\u2019\u00e9glise de Chailles 11h Arriv\u00e9e \u00e0 la basilique Notre-Dame de la Trinit\u00e9 pour la messe 15h Visites spirituelles de la basilique<\/p>\n<\/div><\/div><\/div>\n\t<\/li>\n\t<li class=\"simcal-event simcal-event-has-location simcal-events-calendar-673\" style=\"\" itemscope itemtype=\"http:\/\/schema.org\/Event\" data-start=\"1780232400\">\n\t\t<div class=\"simcal-event-details\"><p><strong><span class=\"simcal-event-title\" itemprop=\"name\">Blois - Saint-Saturnin<\/span><\/strong><\/p>\n<div>Vos guides : <div class=\"simcal-event-description\" itemprop=\"description\"><p>\u00a0de 14h30 \u00e0 18h  D. Mondamert,\u00a0X. Anquetin<\/p>\n<\/div><\/div><\/div>\n\t<\/li>\n<\/ul>\n\n<\/dd>\n\t<dt class=\"simcal-day-label\" style=\"border-bottom: 1px solid #000000;\" ><span style=\"background-color: #000000; color: #ffffff;\"><span class=\"simcal-date-format\" data-date-format=\"l d F Y\">samedi 06 juin 2026<\/span> <\/span><\/dt>\n<dd class=\"simcal-weekday-6 simcal-past simcal-day simcal-day-has-events simcal-day-has-1-events simcal-events-calendar-673 simcal-day-has-events simcal-day-has-2-events simcal-events-calendar-673 simcal-day-has-events simcal-day-has-3-events simcal-events-calendar-673 simcal-day-has-events simcal-day-has-4-events simcal-events-calendar-673\" data-events-count=\"4\">\n\t<ul class=\"simcal-events\">\n\t<li class=\"simcal-event simcal-event-has-location simcal-events-calendar-673\" style=\"\" itemscope itemtype=\"http:\/\/schema.org\/Event\" data-start=\"1780750800\">\n\t\t<div class=\"simcal-event-details\"><p><strong><span class=\"simcal-event-title\" itemprop=\"name\">Blois - Saint-Nicolas<\/span><\/strong><\/p>\n<div>Vos guides : <div class=\"simcal-event-description\" itemprop=\"description\"><p> X. Anquetin  06 85 42 10 25<\/p>\n<\/div><\/div><\/div>\n\t<\/li>\n\t<li class=\"simcal-event simcal-event-has-location simcal-events-calendar-673\" style=\"\" itemscope itemtype=\"http:\/\/schema.org\/Event\" data-start=\"1780750800\">\n\t\t<div class=\"simcal-event-details\"><p><strong><span class=\"simcal-event-title\" itemprop=\"name\">Fontaines-en-Sologne - Notre-Dame<\/span><\/strong><\/p>\n<div>Vos guides : <div class=\"simcal-event-description\" itemprop=\"description\"><p> Attention pr\u00e9venir par t\u00e9l\u00e9phone de sa participation - \u00e9glise ouverte tous les jours  M. Thibault <\/p>\n<\/div><\/div><\/div>\n\t<\/li>\n\t<li class=\"simcal-event simcal-event-has-location simcal-events-calendar-673\" style=\"\" itemscope itemtype=\"http:\/\/schema.org\/Event\" data-start=\"1780750800\">\n\t\t<div class=\"simcal-event-details\"><p><strong><span class=\"simcal-event-title\" itemprop=\"name\">Vineuil - Saint-Martin<\/span><\/strong><\/p>\n<div>Vos guides : <div class=\"simcal-event-description\" itemprop=\"description\"><p> \u00c9quipe de Vineuil  02 54 42 04 25 - Laisser un message si absence.<\/p>\n<\/div><\/div><\/div>\n\t<\/li>\n\t<li class=\"simcal-event simcal-event-has-location simcal-events-calendar-673\" style=\"\" itemscope itemtype=\"http:\/\/schema.org\/Event\" data-start=\"1780727400\">\n\t\t<div class=\"simcal-event-details\"><p><strong><span class=\"simcal-event-title\" itemprop=\"name\">Orchaise - \u00c9glise - P\u00e8lerinage des femmes<\/span><\/strong><\/p>\n<div>Vos guides : <div class=\"simcal-event-description\" itemprop=\"description\"><p>P\u00e8lerinage des femmes 8h30 D\u00e9part de l\u2019\u00e9glise d\u2019Orchaise 17h30 Fin \u00e0 la basilique Notre-Dame de la Trinit\u00e9<\/p>\n<\/div><\/div><\/div>\n\t<\/li>\n<\/ul>\n\n<\/dd>\n\t<dt class=\"simcal-day-label\" style=\"border-bottom: 1px solid #000000;\" ><span style=\"background-color: #000000; color: #ffffff;\"><span class=\"simcal-date-format\" data-date-format=\"l d F Y\">dimanche 07 juin 2026<\/span> <\/span><\/dt>\n<dd class=\"simcal-weekday-0 simcal-past simcal-day simcal-day-has-events simcal-day-has-1-events simcal-events-calendar-673 simcal-day-has-events simcal-day-has-2-events simcal-events-calendar-673 simcal-day-has-events simcal-day-has-3-events simcal-events-calendar-673\" data-events-count=\"3\">\n\t<ul class=\"simcal-events\">\n\t<li class=\"simcal-event simcal-event-has-location simcal-events-calendar-673\" style=\"\" itemscope itemtype=\"http:\/\/schema.org\/Event\" data-start=\"1780837200\">\n\t\t<div class=\"simcal-event-details\"><p><strong><span class=\"simcal-event-title\" itemprop=\"name\">Blois - Saint-Saturnin<\/span><\/strong><\/p>\n<div>Vos guides : <div class=\"simcal-event-description\" itemprop=\"description\"><p>\u00a0de 14h30 \u00e0 18h  D. Mondamert,\u00a0\u00a0X. Anquetin<\/p>\n<\/div><\/div><\/div>\n\t<\/li>\n\t<li class=\"simcal-event simcal-event-has-location simcal-events-calendar-673\" style=\"\" itemscope itemtype=\"http:\/\/schema.org\/Event\" data-start=\"1780837200\">\n\t\t<div class=\"simcal-event-details\"><p><strong><span class=\"simcal-event-title\" itemprop=\"name\">Blois - Saint-Vincent<\/span><\/strong><\/p>\n<div>Vos guides : <div class=\"simcal-event-description\" itemprop=\"description\"><p> Ph. Berger<\/p>\n<\/div><\/div><\/div>\n\t<\/li>\n\t<li class=\"simcal-event simcal-event-has-location simcal-events-calendar-673\" style=\"\" itemscope itemtype=\"http:\/\/schema.org\/Event\" data-start=\"1780837200\">\n\t\t<div class=\"simcal-event-details\"><p><strong><span class=\"simcal-event-title\" itemprop=\"name\">Villebout - Saint-Jean Porte Latine<\/span><\/strong><\/p>\n<div>Vos guides : <div class=\"simcal-event-description\" itemprop=\"description\"><p>\u00a0E. Krafft,\u00a0\u00a0M-O. Prevost<\/p>\n<\/div><\/div><\/div>\n\t<\/li>\n<\/ul>\n\n<\/dd>\n\t<dt class=\"simcal-day-label\" style=\"border-bottom: 1px solid #000000;\" ><span style=\"background-color: #000000; color: #ffffff;\"><span class=\"simcal-date-format\" data-date-format=\"l d F Y\">samedi 13 juin 2026<\/span> <\/span><\/dt>\n<dd class=\"simcal-weekday-6 simcal-past simcal-day simcal-day-has-events simcal-day-has-1-events simcal-events-calendar-673\" data-events-count=\"1\">\n\t<ul class=\"simcal-events\">\n\t<li class=\"simcal-event simcal-event-has-location simcal-events-calendar-673\" style=\"\" itemscope itemtype=\"http:\/\/schema.org\/Event\" data-start=\"1781355600\">\n\t\t<div class=\"simcal-event-details\"><p><strong><span class=\"simcal-event-title\" itemprop=\"name\">\u00c9puisay - Inv. du corps de St-Etienne<\/span><\/strong><\/p>\n<div>Vos guides : <div class=\"simcal-event-description\" itemprop=\"description\"><p> F. Neilz  02 54 72 10 28<\/p>\n<\/div><\/div><\/div>\n\t<\/li>\n<\/ul>\n\n<\/dd>\n\t<dt class=\"simcal-day-label\" style=\"border-bottom: 1px solid #000000;\" ><span style=\"background-color: #000000; color: #ffffff;\"><span class=\"simcal-date-format\" data-date-format=\"l d F Y\">dimanche 14 juin 2026<\/span> <\/span><\/dt>\n<dd class=\"simcal-weekday-0 simcal-past simcal-day simcal-day-has-events simcal-day-has-1-events simcal-events-calendar-673 simcal-day-has-events simcal-day-has-2-events simcal-events-calendar-673 simcal-day-has-events simcal-day-has-3-events simcal-events-calendar-673 simcal-day-has-events simcal-day-has-4-events simcal-events-calendar-673 simcal-day-has-events simcal-day-has-5-events simcal-events-calendar-673\" data-events-count=\"5\">\n\t<ul class=\"simcal-events\">\n\t<li class=\"simcal-event simcal-event-has-location simcal-events-calendar-673\" style=\"\" itemscope itemtype=\"http:\/\/schema.org\/Event\" data-start=\"1781442000\">\n\t\t<div class=\"simcal-event-details\"><p><strong><span class=\"simcal-event-title\" itemprop=\"name\">Blois - Saint-Saturnin<\/span><\/strong><\/p>\n<div>Vos guides : <div class=\"simcal-event-description\" itemprop=\"description\"><p>\u00a0de 14h30 \u00e0 18h  D. Mondamert,\u00a0\u00a0X. Anquetin<\/p>\n<\/div><\/div><\/div>\n\t<\/li>\n\t<li class=\"simcal-event simcal-event-has-location simcal-events-calendar-673\" style=\"\" itemscope itemtype=\"http:\/\/schema.org\/Event\" data-start=\"1781442000\">\n\t\t<div class=\"simcal-event-details\"><p><strong><span class=\"simcal-event-title\" itemprop=\"name\">Meusnes - Saint-Pierre aux liens<\/span><\/strong><\/p>\n<div>Vos guides : <div class=\"simcal-event-description\" itemprop=\"description\"><p> J.F Martine  visite de 18h \u00e0 la suite de la Coll\u00e8giale de Saint-Aignan<\/p>\n<\/div><\/div><\/div>\n\t<\/li>\n\t<li class=\"simcal-event simcal-event-has-location simcal-events-calendar-673\" style=\"\" itemscope itemtype=\"http:\/\/schema.org\/Event\" data-start=\"1781442000\">\n\t\t<div class=\"simcal-event-details\"><p><strong><span class=\"simcal-event-title\" itemprop=\"name\">M\u00e9nars - Saint-Jean-Baptiste<\/span><\/strong><\/p>\n<div>Vos guides : <div class=\"simcal-event-description\" itemprop=\"description\"><p> Y. George<\/p>\n<\/div><\/div><\/div>\n\t<\/li>\n\t<li class=\"simcal-event simcal-event-has-location simcal-events-calendar-673\" style=\"\" itemscope itemtype=\"http:\/\/schema.org\/Event\" data-start=\"1781442000\">\n\t\t<div class=\"simcal-event-details\"><p><strong><span class=\"simcal-event-title\" itemprop=\"name\">Saint-Aignan - Coll\u00e8giale<\/span><\/strong><\/p>\n<div>Vos guides : <div class=\"simcal-event-description\" itemprop=\"description\"><p> J.F Martine  coupl\u00e9e avec Meusnes<\/p>\n<\/div><\/div><\/div>\n\t<\/li>\n\t<li class=\"simcal-event simcal-event-has-location simcal-events-calendar-673\" style=\"\" itemscope itemtype=\"http:\/\/schema.org\/Event\" data-start=\"1781442000\">\n\t\t<div class=\"simcal-event-details\"><p><strong><span class=\"simcal-event-title\" itemprop=\"name\">Saint-Marc-du-Cor - Saint-M\u00e9dard<\/span><\/strong><\/p>\n<div>Vos guides : <div class=\"simcal-event-description\" itemprop=\"description\"><p> M. Georgeon  06 26 28 24 22<\/p>\n<\/div><\/div><\/div>\n\t<\/li>\n<\/ul>\n\n<\/dd>\n\t<dt class=\"simcal-day-label\" style=\"border-bottom: 1px solid #000000;\" ><span style=\"background-color: #000000; color: #ffffff;\"><span class=\"simcal-date-format\" data-date-format=\"l d F Y\">samedi 20 juin 2026<\/span> <\/span><\/dt>\n<dd class=\"simcal-weekday-6 simcal-past simcal-day simcal-day-has-events simcal-day-has-1-events simcal-events-calendar-673\" data-events-count=\"1\">\n\t<ul class=\"simcal-events\">\n\t<li class=\"simcal-event simcal-event-has-location simcal-events-calendar-673\" style=\"\" itemscope itemtype=\"http:\/\/schema.org\/Event\" data-start=\"1781960400\">\n\t\t<div class=\"simcal-event-details\"><p><strong><span class=\"simcal-event-title\" itemprop=\"name\">Ch\u00e2teauvieux - Saint-Hilaire<\/span><\/strong><\/p>\n<div>Vos guides : <div class=\"simcal-event-description\" itemprop=\"description\"><p> J. Chausset  02 54 75 19 09<\/p>\n<\/div><\/div><\/div>\n\t<\/li>\n<\/ul>\n\n<\/dd>\n\t<dt class=\"simcal-day-label\" style=\"border-bottom: 1px solid #000000;\" ><span style=\"background-color: #000000; color: #ffffff;\"><span class=\"simcal-date-format\" data-date-format=\"l d F Y\">dimanche 21 juin 2026<\/span> <\/span><\/dt>\n<dd class=\"simcal-weekday-0 simcal-past simcal-day simcal-day-has-events simcal-day-has-1-events simcal-events-calendar-673 simcal-day-has-events simcal-day-has-2-events simcal-events-calendar-673 simcal-day-has-events simcal-day-has-3-events simcal-events-calendar-673\" data-events-count=\"3\">\n\t<ul class=\"simcal-events\">\n\t<li class=\"simcal-event simcal-event-has-location simcal-events-calendar-673\" style=\"\" itemscope itemtype=\"http:\/\/schema.org\/Event\" data-start=\"1782046800\">\n\t\t<div class=\"simcal-event-details\"><p><strong><span class=\"simcal-event-title\" itemprop=\"name\">Blois - Saint-Saturnin<\/span><\/strong><\/p>\n<div>Vos guides : <div class=\"simcal-event-description\" itemprop=\"description\"><p>\u00a0de 14h30 \u00e0 18h  D. Mondamert,\u00a0\u00a0X. Anquetin<\/p>\n<\/div><\/div><\/div>\n\t<\/li>\n\t<li class=\"simcal-event simcal-event-has-location simcal-events-calendar-673\" style=\"\" itemscope itemtype=\"http:\/\/schema.org\/Event\" data-start=\"1782046800\">\n\t\t<div class=\"simcal-event-details\"><p><strong><span class=\"simcal-event-title\" itemprop=\"name\">Prunay-Cassereau - Saint Jean-Baptiste<\/span><\/strong><\/p>\n<div>Vos guides : <div class=\"simcal-event-description\" itemprop=\"description\"><p> N. Habold  07 80 03 24 33<\/p>\n<\/div><\/div><\/div>\n\t<\/li>\n\t<li class=\"simcal-event simcal-event-has-location simcal-events-calendar-673\" style=\"\" itemscope itemtype=\"http:\/\/schema.org\/Event\" data-start=\"1782046800\">\n\t\t<div class=\"simcal-event-details\"><p><strong><span class=\"simcal-event-title\" itemprop=\"name\">Saint-Denis-sur-Loire - Saint-Denis<\/span><\/strong><\/p>\n<div>Vos guides : <div class=\"simcal-event-description\" itemprop=\"description\"><p> M-A. Armanet  06 99 28 14 67<\/p>\n<\/div><\/div><\/div>\n\t<\/li>\n<\/ul>\n\n<\/dd>\n\t<dt class=\"simcal-day-label\" style=\"border-bottom: 1px solid #000000;\" ><span style=\"background-color: #000000; color: #ffffff;\"><span class=\"simcal-date-format\" data-date-format=\"l d F Y\">vendredi 26 juin 2026<\/span> <\/span><\/dt>\n<dd class=\"simcal-weekday-5 simcal-past simcal-day simcal-day-has-events simcal-day-has-1-events simcal-events-calendar-673\" data-events-count=\"1\">\n\t<ul class=\"simcal-events\">\n\t<li class=\"simcal-event simcal-event-has-location simcal-events-calendar-673\" style=\"\" itemscope itemtype=\"http:\/\/schema.org\/Event\" data-start=\"1782478800\">\n\t\t<div class=\"simcal-event-details\"><p><strong><span class=\"simcal-event-title\" itemprop=\"name\">Pruniers-en-Sologne - Saint Jean-Baptiste<\/span><\/strong><\/p>\n<div>Vos guides : <div class=\"simcal-event-description\" itemprop=\"description\"><p> Les amis de l\u2019\u00e9glise St Jean-Baptiste  06 26 51 98 82<\/p>\n<\/div><\/div><\/div>\n\t<\/li>\n<\/ul>\n\n<\/dd>\n\t<dt class=\"simcal-day-label\" style=\"border-bottom: 1px solid #000000;\" ><span style=\"background-color: #000000; color: #ffffff;\"><span class=\"simcal-date-format\" data-date-format=\"l d F Y\">samedi 27 juin 2026<\/span> <\/span><\/dt>\n<dd class=\"simcal-weekday-6 simcal-past simcal-day simcal-day-has-events simcal-day-has-1-events simcal-events-calendar-673 simcal-day-has-events simcal-day-has-2-events simcal-events-calendar-673 simcal-day-has-events simcal-day-has-3-events simcal-events-calendar-673 simcal-day-has-events simcal-day-has-4-events simcal-events-calendar-673\" data-events-count=\"4\">\n\t<ul class=\"simcal-events\">\n\t<li class=\"simcal-event simcal-event-has-location simcal-events-calendar-673\" style=\"\" itemscope itemtype=\"http:\/\/schema.org\/Event\" data-start=\"1782565200\">\n\t\t<div class=\"simcal-event-details\"><p><strong><span class=\"simcal-event-title\" itemprop=\"name\">Baillou - Saint-Jean Baptiste<\/span><\/strong><\/p>\n<div>Vos guides : <div class=\"simcal-event-description\" itemprop=\"description\"><p>\u00a0M. Guiragossian,\u00a0\u00a0L. Callu \u00a006 33 68 81 94 ou 06 12 58 80 87<\/p>\n<\/div><\/div><\/div>\n\t<\/li>\n\t<li class=\"simcal-event simcal-event-has-location simcal-events-calendar-673\" style=\"\" itemscope itemtype=\"http:\/\/schema.org\/Event\" data-start=\"1782565200\">\n\t\t<div class=\"simcal-event-details\"><p><strong><span class=\"simcal-event-title\" itemprop=\"name\">Chouzy-sur-Cisse - Saint-Martin<\/span><\/strong><\/p>\n<div>Vos guides : <div class=\"simcal-event-description\" itemprop=\"description\"><p>\u00a014h30 \u00e0 17h30  S. de la Tourasse,\u00a0\u00a0\u00a0M. V\u00e9ron<\/p>\n<\/div><\/div><\/div>\n\t<\/li>\n\t<li class=\"simcal-event simcal-event-has-location simcal-events-calendar-673\" style=\"\" itemscope itemtype=\"http:\/\/schema.org\/Event\" data-start=\"1782565200\">\n\t\t<div class=\"simcal-event-details\"><p><strong><span class=\"simcal-event-title\" itemprop=\"name\">Souvigny-en-Sologne - Saint-Martin<\/span><\/strong><\/p>\n<div>Vos guides : <div class=\"simcal-event-description\" itemprop=\"description\"><p> N. de Br\u00e9z\u00e9<\/p>\n<\/div><\/div><\/div>\n\t<\/li>\n\t<li class=\"simcal-event simcal-event-has-location simcal-events-calendar-673\" style=\"\" itemscope itemtype=\"http:\/\/schema.org\/Event\" data-start=\"1782541800\">\n\t\t<div class=\"simcal-event-details\"><p><strong><span class=\"simcal-event-title\" itemprop=\"name\">Pruniers-en-Sologne - F\u00eate Saint Jean-Baptiste<\/span><\/strong><\/p>\n<div>Vos guides : <div class=\"simcal-event-description\" itemprop=\"description\"><p>18h Messe suivie du fleurissement des Croix. Verre de l\u2019amiti\u00e9 suivi d\u2019un repas partag\u00e9<\/p>\n<\/div><\/div><\/div>\n\t<\/li>\n<\/ul>\n\n<\/dd>\n\t<dt class=\"simcal-day-label\" style=\"border-bottom: 1px solid #000000;\" ><span style=\"background-color: #000000; color: #ffffff;\"><span class=\"simcal-date-format\" data-date-format=\"l d F Y\">dimanche 28 juin 2026<\/span> <\/span><\/dt>\n<dd class=\"simcal-weekday-0 simcal-past simcal-day simcal-day-has-events simcal-day-has-1-events simcal-events-calendar-673\" data-events-count=\"1\">\n\t<ul class=\"simcal-events\">\n\t<li class=\"simcal-event simcal-events-calendar-673\" style=\"\" itemscope itemtype=\"http:\/\/schema.org\/Event\" data-start=\"1782651600\">\n\t\t<div class=\"simcal-event-details\"><p><strong><span class=\"simcal-event-title\" itemprop=\"name\">Blois - Saint-Saturnin<\/span><\/strong><\/p>\n<div>Vos guides : <div class=\"simcal-event-description\" itemprop=\"description\"><p>\u00a0de 14h30 \u00e0 18h  D. Mondamert,\u00a0\u00a0X. Anquetin<\/p>\n<\/div><\/div><\/div>\n\t<\/li>\n<\/ul>\n\n<\/dd>\n\t<dt class=\"simcal-day-label\" style=\"border-bottom: 1px solid #000000;\" ><span style=\"background-color: #000000; color: #ffffff;\"><span class=\"simcal-date-format\" data-date-format=\"l d F Y\">samedi 04 juillet 2026<\/span> <\/span><\/dt>\n<dd class=\"simcal-weekday-6 simcal-past simcal-day simcal-day-has-events simcal-day-has-1-events simcal-events-calendar-673 simcal-day-has-events simcal-day-has-2-events simcal-events-calendar-673\" data-events-count=\"2\">\n\t<ul class=\"simcal-events\">\n\t<li class=\"simcal-event simcal-event-has-location simcal-events-calendar-673\" style=\"\" itemscope itemtype=\"http:\/\/schema.org\/Event\" data-start=\"1783170000\">\n\t\t<div class=\"simcal-event-details\"><p><strong><span class=\"simcal-event-title\" itemprop=\"name\">Blois - Saint-Nicolas<\/span><\/strong><\/p>\n<div>Vos guides : <div class=\"simcal-event-description\" itemprop=\"description\"><p> X. Anquetin  06 85 42 10 25<\/p>\n<\/div><\/div><\/div>\n\t<\/li>\n\t<li class=\"simcal-event simcal-event-has-location simcal-events-calendar-673\" style=\"\" itemscope itemtype=\"http:\/\/schema.org\/Event\" data-start=\"1783170000\">\n\t\t<div class=\"simcal-event-details\"><p><strong><span class=\"simcal-event-title\" itemprop=\"name\">Vineuil - Saint-Martin<\/span><\/strong><\/p>\n<div>Vos guides : <div class=\"simcal-event-description\" itemprop=\"description\"><p> \u00c9quipe de Vineuil  02 54 42 04 25 - Laisser un message si absence.<\/p>\n<\/div><\/div><\/div>\n\t<\/li>\n<\/ul>\n\n<\/dd>\n\t<dt class=\"simcal-day-label\" style=\"border-bottom: 1px solid #000000;\" ><span style=\"background-color: #000000; color: #ffffff;\"><span class=\"simcal-date-format\" data-date-format=\"l d F Y\">dimanche 05 juillet 2026<\/span> <\/span><\/dt>\n<dd class=\"simcal-weekday-0 simcal-past simcal-day simcal-day-has-events simcal-day-has-1-events simcal-events-calendar-673 simcal-day-has-events simcal-day-has-2-events simcal-events-calendar-673\" data-events-count=\"2\">\n\t<ul class=\"simcal-events\">\n\t<li class=\"simcal-event simcal-event-has-location simcal-events-calendar-673\" style=\"\" itemscope itemtype=\"http:\/\/schema.org\/Event\" data-start=\"1783256400\">\n\t\t<div class=\"simcal-event-details\"><p><strong><span class=\"simcal-event-title\" itemprop=\"name\">Blois - Saint-Saturnin<\/span><\/strong><\/p>\n<div>Vos guides : <div class=\"simcal-event-description\" itemprop=\"description\"><p>\u00a0de 14h30 \u00e0 18h  D. Mondamert ,\u00a0X. Anquetin<\/p>\n<\/div><\/div><\/div>\n\t<\/li>\n\t<li class=\"simcal-event simcal-event-has-location simcal-events-calendar-673\" style=\"\" itemscope itemtype=\"http:\/\/schema.org\/Event\" data-start=\"1783256400\">\n\t\t<div class=\"simcal-event-details\"><p><strong><span class=\"simcal-event-title\" itemprop=\"name\">Blois - Saint-Vincent<\/span><\/strong><\/p>\n<div>Vos guides : <div class=\"simcal-event-description\" itemprop=\"description\"><p> Ph. Berger<\/p>\n<\/div><\/div><\/div>\n\t<\/li>\n<\/ul>\n\n<\/dd>\n\t<dt class=\"simcal-day-label\" style=\"border-bottom: 1px solid #000000;\" ><span style=\"background-color: #000000; color: #ffffff;\"><span class=\"simcal-date-format\" data-date-format=\"l d F Y\">samedi 11 juillet 2026<\/span> <\/span><\/dt>\n<dd class=\"simcal-weekday-6 simcal-past simcal-day simcal-day-has-events simcal-day-has-1-events simcal-events-calendar-673 simcal-day-has-events simcal-day-has-2-events simcal-events-calendar-673\" data-events-count=\"2\">\n\t<ul class=\"simcal-events\">\n\t<li class=\"simcal-event simcal-event-has-location simcal-events-calendar-673\" style=\"\" itemscope itemtype=\"http:\/\/schema.org\/Event\" data-start=\"1783774800\">\n\t\t<div class=\"simcal-event-details\"><p><strong><span class=\"simcal-event-title\" itemprop=\"name\">Ruan-sur-Egvonne - Saint-Laurent<\/span><\/strong><\/p>\n<div>Vos guides : <div class=\"simcal-event-description\" itemprop=\"description\"><p> N. Royo  06 25 63 10 23<\/p>\n<\/div><\/div><\/div>\n\t<\/li>\n\t<li class=\"simcal-event simcal-event-has-location simcal-events-calendar-673\" style=\"\" itemscope itemtype=\"http:\/\/schema.org\/Event\" data-start=\"1783774800\">\n\t\t<div class=\"simcal-event-details\"><p><strong><span class=\"simcal-event-title\" itemprop=\"name\">Sarg\u00e9-sur-Braye - Saint-Martin<\/span><\/strong><\/p>\n<div>Vos guides : <div class=\"simcal-event-description\" itemprop=\"description\"><p> Premi\u00e8re visite  B. Malcor <\/p>\n<\/div><\/div><\/div>\n\t<\/li>\n<\/ul>\n\n<\/dd>\n\t<dt class=\"simcal-day-label\" style=\"border-bottom: 1px solid #000000;\" ><span style=\"background-color: #000000; color: #ffffff;\"><span class=\"simcal-date-format\" data-date-format=\"l d F Y\">dimanche 12 juillet 2026<\/span> <\/span><\/dt>\n<dd class=\"simcal-weekday-0 simcal-past simcal-day simcal-day-has-events simcal-day-has-1-events simcal-events-calendar-673 simcal-day-has-events simcal-day-has-2-events simcal-events-calendar-673\" data-events-count=\"2\">\n\t<ul class=\"simcal-events\">\n\t<li class=\"simcal-event simcal-event-has-location simcal-events-calendar-673\" style=\"\" itemscope itemtype=\"http:\/\/schema.org\/Event\" data-start=\"1783861200\">\n\t\t<div class=\"simcal-event-details\"><p><strong><span class=\"simcal-event-title\" itemprop=\"name\">Blois - Saint-Saturnin<\/span><\/strong><\/p>\n<div>Vos guides : <div class=\"simcal-event-description\" itemprop=\"description\"><p>\u00a0de 14h30 \u00e0 18h  D. Mondamert,\u00a0\u00a0X. Anquetin<\/p>\n<\/div><\/div><\/div>\n\t<\/li>\n\t<li class=\"simcal-event simcal-event-has-location simcal-events-calendar-673\" style=\"\" itemscope itemtype=\"http:\/\/schema.org\/Event\" data-start=\"1783861200\">\n\t\t<div class=\"simcal-event-details\"><p><strong><span class=\"simcal-event-title\" itemprop=\"name\">Valencisse - Saint-Secondin<\/span><\/strong><\/p>\n<div>Vos guides : <div class=\"simcal-event-description\" itemprop=\"description\"><p>\u00a0\u00e9glise ouverte de 15h \u00e0 17h  J-F. Champ,\u00a0\u00a0F. Dimont<\/p>\n<\/div><\/div><\/div>\n\t<\/li>\n<\/ul>\n\n<\/dd>\n\t<dt class=\"simcal-day-label\" style=\"border-bottom: 1px solid #000000;\" ><span style=\"background-color: #000000; color: #ffffff;\"><span class=\"simcal-date-format\" data-date-format=\"l d F Y\">jeudi 16 juillet 2026<\/span> <\/span><\/dt>\n<dd class=\"simcal-weekday-4 simcal-past simcal-day simcal-day-has-events simcal-day-has-1-events simcal-events-calendar-673\" data-events-count=\"1\">\n\t<ul class=\"simcal-events\">\n\t<li class=\"simcal-event simcal-event-has-location simcal-events-calendar-673\" style=\"\" itemscope itemtype=\"http:\/\/schema.org\/Event\" data-start=\"1784206800\">\n\t\t<div class=\"simcal-event-details\"><p><strong><span class=\"simcal-event-title\" itemprop=\"name\">Pruniers-en-Sologne - Saint Jean-Baptiste<\/span><\/strong><\/p>\n<div>Vos guides : <div class=\"simcal-event-description\" itemprop=\"description\"><p> Les amis de l\u2019\u00e9glise St Jean-Baptiste  06 26 51 98 83<\/p>\n<\/div><\/div><\/div>\n\t<\/li>\n<\/ul>\n\n<\/dd>\n\t<dt class=\"simcal-day-label\" style=\"border-bottom: 1px solid #000000;\" ><span style=\"background-color: #000000; color: #ffffff;\"><span class=\"simcal-date-format\" data-date-format=\"l d F Y\">samedi 18 juillet 2026<\/span> <\/span><\/dt>\n<dd class=\"simcal-weekday-6 simcal-past simcal-day simcal-day-has-events simcal-day-has-1-events simcal-events-calendar-673\" data-events-count=\"1\">\n\t<ul class=\"simcal-events\">\n\t<li class=\"simcal-event simcal-event-has-location simcal-events-calendar-673\" style=\"\" itemscope itemtype=\"http:\/\/schema.org\/Event\" data-start=\"1784379600\">\n\t\t<div class=\"simcal-event-details\"><p><strong><span class=\"simcal-event-title\" itemprop=\"name\">Ch\u00e2teauvieux - Saint-Hilaire<\/span><\/strong><\/p>\n<div>Vos guides : <div class=\"simcal-event-description\" itemprop=\"description\"><p> J. Chausset  02 54 75 19 09<\/p>\n<\/div><\/div><\/div>\n\t<\/li>\n<\/ul>\n\n<\/dd>\n\t<dt class=\"simcal-day-label\" style=\"border-bottom: 1px solid #000000;\" ><span style=\"background-color: #000000; color: #ffffff;\"><span class=\"simcal-date-format\" data-date-format=\"l d F Y\">dimanche 19 juillet 2026<\/span> <\/span><\/dt>\n<dd class=\"simcal-weekday-0 simcal-past simcal-day simcal-day-has-events simcal-day-has-1-events simcal-events-calendar-673\" data-events-count=\"1\">\n\t<ul class=\"simcal-events\">\n\t<li class=\"simcal-event simcal-event-has-location simcal-events-calendar-673\" style=\"\" itemscope itemtype=\"http:\/\/schema.org\/Event\" data-start=\"1784466000\">\n\t\t<div class=\"simcal-event-details\"><p><strong><span class=\"simcal-event-title\" itemprop=\"name\">Blois - Saint-Saturnin<\/span><\/strong><\/p>\n<div>Vos guides : <div class=\"simcal-event-description\" itemprop=\"description\"><p>\u00a0de 14h30 \u00e0 18h  D. Mondamert,\u00a0\u00a0X. Anquetin<\/p>\n<\/div><\/div><\/div>\n\t<\/li>\n<\/ul>\n\n<\/dd>\n\t<dt class=\"simcal-day-label\" style=\"border-bottom: 1px solid #000000;\" ><span style=\"background-color: #000000; color: #ffffff;\"><span class=\"simcal-date-format\" data-date-format=\"l d F Y\">samedi 25 juillet 2026<\/span> <\/span><\/dt>\n<dd class=\"simcal-weekday-6 simcal-past simcal-day simcal-day-has-events simcal-day-has-1-events simcal-events-calendar-673\" data-events-count=\"1\">\n\t<ul class=\"simcal-events\">\n\t<li class=\"simcal-event simcal-event-has-location simcal-events-calendar-673\" style=\"\" itemscope itemtype=\"http:\/\/schema.org\/Event\" data-start=\"1784984400\">\n\t\t<div class=\"simcal-event-details\"><p><strong><span class=\"simcal-event-title\" itemprop=\"name\">Chouzy-sur-Cisse - Saint-Martin<\/span><\/strong><\/p>\n<div>Vos guides : <div class=\"simcal-event-description\" itemprop=\"description\"><p>\u00a014h30 \u00e0 17h30  S. de la Tourasse,\u00a0\u00a0M. V\u00e9ron<\/p>\n<\/div><\/div><\/div>\n\t<\/li>\n<\/ul>\n\n<\/dd>\n\t<dt class=\"simcal-day-label\" style=\"border-bottom: 1px solid #000000;\" ><span style=\"background-color: #000000; color: #ffffff;\"><span class=\"simcal-date-format\" data-date-format=\"l d F Y\">dimanche 26 juillet 2026<\/span> <\/span><\/dt>\n<dd class=\"simcal-weekday-0 simcal-past simcal-day simcal-day-has-events simcal-day-has-1-events simcal-events-calendar-673 simcal-day-has-events simcal-day-has-2-events simcal-events-calendar-673 simcal-day-has-events simcal-day-has-3-events simcal-events-calendar-673 simcal-day-has-events simcal-day-has-4-events simcal-events-calendar-673 simcal-day-has-events simcal-day-has-5-events simcal-events-calendar-673 simcal-day-has-events simcal-day-has-6-events simcal-events-calendar-673 simcal-day-has-events simcal-day-has-7-events simcal-events-calendar-673\" data-events-count=\"7\">\n\t<ul class=\"simcal-events\">\n\t<li class=\"simcal-event simcal-event-has-location simcal-events-calendar-673\" style=\"\" itemscope itemtype=\"http:\/\/schema.org\/Event\" data-start=\"1785070800\">\n\t\t<div class=\"simcal-event-details\"><p><strong><span class=\"simcal-event-title\" itemprop=\"name\">Blois - Saint-Joseph<\/span><\/strong><\/p>\n<div>Vos guides : <div class=\"simcal-event-description\" itemprop=\"description\"><p> M-A. Pell\u00e9  02 54 51 50 50<\/p>\n<\/div><\/div><\/div>\n\t<\/li>\n\t<li class=\"simcal-event simcal-event-has-location simcal-events-calendar-673\" style=\"\" itemscope itemtype=\"http:\/\/schema.org\/Event\" data-start=\"1785070800\">\n\t\t<div class=\"simcal-event-details\"><p><strong><span class=\"simcal-event-title\" itemprop=\"name\">Blois - Saint-Saturnin<\/span><\/strong><\/p>\n<div>Vos guides : <div class=\"simcal-event-description\" itemprop=\"description\"><p>\u00a0de 14h30 \u00e0 18h  D. Mondamert,\u00a0\u00a0X. Anquetin<\/p>\n<\/div><\/div><\/div>\n\t<\/li>\n\t<li class=\"simcal-event simcal-event-has-location simcal-events-calendar-673\" style=\"\" itemscope itemtype=\"http:\/\/schema.org\/Event\" data-start=\"1785070800\">\n\t\t<div class=\"simcal-event-details\"><p><strong><span class=\"simcal-event-title\" itemprop=\"name\">Le Gault-du-Perche - Sainte-Anne<\/span><\/strong><\/p>\n<div>Vos guides : <div class=\"simcal-event-description\" itemprop=\"description\"><p> F\u00eate de Sainte-Anne  visite \u00e0 15h30 <\/p>\n<\/div><\/div><\/div>\n\t<\/li>\n\t<li class=\"simcal-event simcal-event-has-location simcal-events-calendar-673\" style=\"\" itemscope itemtype=\"http:\/\/schema.org\/Event\" data-start=\"1785070800\">\n\t\t<div class=\"simcal-event-details\"><p><strong><span class=\"simcal-event-title\" itemprop=\"name\">Meusnes - Saint-Pierre aux liens<\/span><\/strong><\/p>\n<div>Vos guides : <div class=\"simcal-event-description\" itemprop=\"description\"><p> J.F Martine  visite de 18h \u00e0 la suite de la Coll\u00e8giale de Saint-Aignan<\/p>\n<\/div><\/div><\/div>\n\t<\/li>\n\t<li class=\"simcal-event simcal-event-has-location simcal-events-calendar-673\" style=\"\" itemscope itemtype=\"http:\/\/schema.org\/Event\" data-start=\"1785070800\">\n\t\t<div class=\"simcal-event-details\"><p><strong><span class=\"simcal-event-title\" itemprop=\"name\">Saint-Aignan - Coll\u00e8giale<\/span><\/strong><\/p>\n<div>Vos guides : <div class=\"simcal-event-description\" itemprop=\"description\"><p> J.F Martine  coupl\u00e9e avec Meusnes<\/p>\n<\/div><\/div><\/div>\n\t<\/li>\n\t<li class=\"simcal-event simcal-event-has-location simcal-events-calendar-673\" style=\"\" itemscope itemtype=\"http:\/\/schema.org\/Event\" data-start=\"1785070800\">\n\t\t<div class=\"simcal-event-details\"><p><strong><span class=\"simcal-event-title\" itemprop=\"name\">Valencisse - Saint-Secondin<\/span><\/strong><\/p>\n<div>Vos guides : <div class=\"simcal-event-description\" itemprop=\"description\"><p>\u00a0\u00e9glise ouverte de 15h \u00e0 17h  J-F. Champ,\u00a0\u00a0F. Dimont<\/p>\n<\/div><\/div><\/div>\n\t<\/li>\n\t<li class=\"simcal-event simcal-event-has-location simcal-events-calendar-673\" style=\"\" itemscope itemtype=\"http:\/\/schema.org\/Event\" data-start=\"1785070800\">\n\t\t<div class=\"simcal-event-details\"><p><strong><span class=\"simcal-event-title\" itemprop=\"name\">Vend\u00f4me - Notre-Dame des Rottes<\/span><\/strong><\/p>\n<div>Vos guides : <div class=\"simcal-event-description\" itemprop=\"description\"><p> Ch. Sigot  02 54 72 14 22sam. 01 ao\u00fbt <\/p>\n<\/div><\/div><\/div>\n\t<\/li>\n<\/ul>\n\n<\/dd>\n\t<dt class=\"simcal-day-label\" style=\"border-bottom: 1px solid #000000;\" ><span style=\"background-color: #000000; color: #ffffff;\"><span class=\"simcal-date-format\" data-date-format=\"l d F Y\">dimanche 02 ao\u00fbt 2026<\/span> <\/span><\/dt>\n<dd class=\"simcal-weekday-0 simcal-past simcal-day simcal-day-has-events simcal-day-has-1-events simcal-events-calendar-673 simcal-day-has-events simcal-day-has-2-events simcal-events-calendar-673\" data-events-count=\"2\">\n\t<ul class=\"simcal-events\">\n\t<li class=\"simcal-event simcal-event-has-location simcal-events-calendar-673\" style=\"\" itemscope itemtype=\"http:\/\/schema.org\/Event\" data-start=\"1785675600\">\n\t\t<div class=\"simcal-event-details\"><p><strong><span class=\"simcal-event-title\" itemprop=\"name\">Blois - Saint-Saturnin<\/span><\/strong><\/p>\n<div>Vos guides : <div class=\"simcal-event-description\" itemprop=\"description\"><p>\u00a0de 14h30 \u00e0 18h  D. Mondamert,\u00a0\u00a0X. Anquetin<\/p>\n<\/div><\/div><\/div>\n\t<\/li>\n\t<li class=\"simcal-event simcal-event-has-location simcal-events-calendar-673\" style=\"\" itemscope itemtype=\"http:\/\/schema.org\/Event\" data-start=\"1785675600\">\n\t\t<div class=\"simcal-event-details\"><p><strong><span class=\"simcal-event-title\" itemprop=\"name\">Blois - Saint-Vincent<\/span><\/strong><\/p>\n<div>Vos guides : <div class=\"simcal-event-description\" itemprop=\"description\"><p> Ph. Berger<\/p>\n<\/div><\/div><\/div>\n\t<\/li>\n<\/ul>\n\n<\/dd>\n\t<dt class=\"simcal-day-label\" style=\"border-bottom: 1px solid #000000;\" ><span style=\"background-color: #000000; color: #ffffff;\"><span class=\"simcal-date-format\" data-date-format=\"l d F Y\">samedi 08 ao\u00fbt 2026<\/span> <\/span><\/dt>\n<dd class=\"simcal-weekday-6 simcal-past simcal-day simcal-day-has-events simcal-day-has-1-events simcal-events-calendar-673\" data-events-count=\"1\">\n\t<ul class=\"simcal-events\">\n\t<li class=\"simcal-event simcal-event-has-location simcal-events-calendar-673\" style=\"\" itemscope itemtype=\"http:\/\/schema.org\/Event\" data-start=\"1786194000\">\n\t\t<div class=\"simcal-event-details\"><p><strong><span class=\"simcal-event-title\" itemprop=\"name\">Blois - Saint-Nicolas<\/span><\/strong><\/p>\n<div>Vos guides : <div class=\"simcal-event-description\" itemprop=\"description\"><p> X. Anquetin  06 85 42 10 25<\/p>\n<\/div><\/div><\/div>\n\t<\/li>\n<\/ul>\n\n<\/dd>\n\t<dt class=\"simcal-day-label\" style=\"border-bottom: 1px solid #000000;\" ><span style=\"background-color: #000000; color: #ffffff;\"><span class=\"simcal-date-format\" data-date-format=\"l d F Y\">dimanche 09 ao\u00fbt 2026<\/span> <\/span><\/dt>\n<dd class=\"simcal-weekday-0 simcal-past simcal-day simcal-day-has-events simcal-day-has-1-events simcal-events-calendar-673 simcal-day-has-events simcal-day-has-2-events simcal-events-calendar-673\" data-events-count=\"2\">\n\t<ul class=\"simcal-events\">\n\t<li class=\"simcal-event simcal-event-has-location simcal-events-calendar-673\" style=\"\" itemscope itemtype=\"http:\/\/schema.org\/Event\" data-start=\"1786280400\">\n\t\t<div class=\"simcal-event-details\"><p><strong><span class=\"simcal-event-title\" itemprop=\"name\">Blois - Saint-Saturnin<\/span><\/strong><\/p>\n<div>Vos guides : <div class=\"simcal-event-description\" itemprop=\"description\"><p>\u00a0de 14h30 \u00e0 18h  D. Mondamert,\u00a0X. Anquetin<\/p>\n<\/div><\/div><\/div>\n\t<\/li>\n\t<li class=\"simcal-event simcal-event-has-location simcal-events-calendar-673\" style=\"\" itemscope itemtype=\"http:\/\/schema.org\/Event\" data-start=\"1786280400\">\n\t\t<div class=\"simcal-event-details\"><p><strong><span class=\"simcal-event-title\" itemprop=\"name\">Valencisse - Saint-Secondin<\/span><\/strong><\/p>\n<div>Vos guides : <div class=\"simcal-event-description\" itemprop=\"description\"><p>\u00a0\u00e9glise ouverte de 15h \u00e0 17h  J-F. Champ,\u00a0\u00a0F. Dimont<\/p>\n<\/div><\/div><\/div>\n\t<\/li>\n<\/ul>\n\n<\/dd>\n\t<dt class=\"simcal-day-label\" style=\"border-bottom: 1px solid #000000;\" ><span style=\"background-color: #000000; color: #ffffff;\"><span class=\"simcal-date-format\" data-date-format=\"l d F Y\">jeudi 13 ao\u00fbt 2026<\/span> <\/span><\/dt>\n<dd class=\"simcal-weekday-4 simcal-past simcal-day simcal-day-has-events simcal-day-has-1-events simcal-events-calendar-673\" data-events-count=\"1\">\n\t<ul class=\"simcal-events\">\n\t<li class=\"simcal-event simcal-event-has-location simcal-events-calendar-673\" style=\"\" itemscope itemtype=\"http:\/\/schema.org\/Event\" data-start=\"1786626000\">\n\t\t<div class=\"simcal-event-details\"><p><strong><span class=\"simcal-event-title\" itemprop=\"name\">Pruniers-en-Sologne - Saint Jean-Baptiste<\/span><\/strong><\/p>\n<div>Vos guides : <div class=\"simcal-event-description\" itemprop=\"description\"><p> Les amis de l\u2019\u00e9glise St Jean-Baptiste  06 26 51 98 84<\/p>\n<\/div><\/div><\/div>\n\t<\/li>\n<\/ul>\n\n<\/dd>\n\t<dt class=\"simcal-day-label\" style=\"border-bottom: 1px solid #000000;\" ><span style=\"background-color: #000000; color: #ffffff;\"><span class=\"simcal-date-format\" data-date-format=\"l d F Y\">samedi 15 ao\u00fbt 2026<\/span> <\/span><\/dt>\n<dd class=\"simcal-weekday-6 simcal-past simcal-day simcal-day-has-events simcal-day-has-1-events simcal-events-calendar-673 simcal-day-has-events simcal-day-has-2-events simcal-events-calendar-673\" data-events-count=\"2\">\n\t<ul class=\"simcal-events\">\n\t<li class=\"simcal-event simcal-event-has-location simcal-events-calendar-673\" style=\"\" itemscope itemtype=\"http:\/\/schema.org\/Event\" data-start=\"1786798800\">\n\t\t<div class=\"simcal-event-details\"><p><strong><span class=\"simcal-event-title\" itemprop=\"name\">Arville - Nativit\u00e9 de la B.M.V.<\/span><\/strong><\/p>\n<div>Vos guides : <div class=\"simcal-event-description\" itemprop=\"description\"><p> H. Lemerre (0602621171)<\/p>\n<\/div><\/div><\/div>\n\t<\/li>\n\t<li class=\"simcal-event simcal-event-has-location simcal-events-calendar-673\" style=\"\" itemscope itemtype=\"http:\/\/schema.org\/Event\" data-start=\"1786798800\">\n\t\t<div class=\"simcal-event-details\"><p><strong><span class=\"simcal-event-title\" itemprop=\"name\">Chauvigny-du-Perche - N.-D. de l\u2019Assomption<\/span><\/strong><\/p>\n<div>Vos guides : <div class=\"simcal-event-description\" itemprop=\"description\"><p>\u00a0F\u00eate patronale  messe de l\u2019Assomption \u00e0 10h30,\u00a0\u00a0visite \u00e0 15h<\/p>\n<\/div><\/div><\/div>\n\t<\/li>\n<\/ul>\n\n<\/dd>\n\t<dt class=\"simcal-day-label\" style=\"border-bottom: 1px solid #000000;\" ><span style=\"background-color: #000000; color: #ffffff;\"><span class=\"simcal-date-format\" data-date-format=\"l d F Y\">dimanche 16 ao\u00fbt 2026<\/span> <\/span><\/dt>\n<dd class=\"simcal-weekday-0 simcal-past simcal-day simcal-day-has-events simcal-day-has-1-events simcal-events-calendar-673 simcal-day-has-events simcal-day-has-2-events simcal-events-calendar-673\" data-events-count=\"2\">\n\t<ul class=\"simcal-events\">\n\t<li class=\"simcal-event simcal-event-has-location simcal-events-calendar-673\" style=\"\" itemscope itemtype=\"http:\/\/schema.org\/Event\" data-start=\"1786885200\">\n\t\t<div class=\"simcal-event-details\"><p><strong><span class=\"simcal-event-title\" itemprop=\"name\">Blois - Saint-Saturnin<\/span><\/strong><\/p>\n<div>Vos guides : <div class=\"simcal-event-description\" itemprop=\"description\"><p>\u00a0de 14h30 \u00e0 18h  D. Mondamert,\u00a0\u00a0X. Anquetin<\/p>\n<\/div><\/div><\/div>\n\t<\/li>\n\t<li class=\"simcal-event simcal-event-has-location simcal-events-calendar-673\" style=\"\" itemscope itemtype=\"http:\/\/schema.org\/Event\" data-start=\"1786885200\">\n\t\t<div class=\"simcal-event-details\"><p><strong><span class=\"simcal-event-title\" itemprop=\"name\">M\u00e9nars - Saint-Jean-Baptiste<\/span><\/strong><\/p>\n<div>Vos guides : <div class=\"simcal-event-description\" itemprop=\"description\"><p>\u00a0Y. George,\u00a0\u00a0M-N. Moulin \u00a006 71 72 97 87<\/p>\n<\/div><\/div><\/div>\n\t<\/li>\n<\/ul>\n\n<\/dd>\n\t<dt class=\"simcal-day-label\" style=\"border-bottom: 1px solid #000000;\" ><span style=\"background-color: #000000; color: #ffffff;\"><span class=\"simcal-date-format\" data-date-format=\"l d F Y\">samedi 22 ao\u00fbt 2026<\/span> <\/span><\/dt>\n<dd class=\"simcal-weekday-6 simcal-past simcal-day simcal-day-has-events simcal-day-has-1-events simcal-events-calendar-673\" data-events-count=\"1\">\n\t<ul class=\"simcal-events\">\n\t<li class=\"simcal-event simcal-event-has-location simcal-events-calendar-673\" style=\"\" itemscope itemtype=\"http:\/\/schema.org\/Event\" data-start=\"1787403600\">\n\t\t<div class=\"simcal-event-details\"><p><strong><span class=\"simcal-event-title\" itemprop=\"name\">Ch\u00e2teauvieux - Saint-Hilaire<\/span><\/strong><\/p>\n<div>Vos guides : <div class=\"simcal-event-description\" itemprop=\"description\"><p> J. Chausset  02 54 75 19 09<\/p>\n<\/div><\/div><\/div>\n\t<\/li>\n<\/ul>\n\n<\/dd>\n\t<dt class=\"simcal-day-label\" style=\"border-bottom: 1px solid #000000;\" ><span style=\"background-color: #000000; color: #ffffff;\"><span class=\"simcal-date-format\" data-date-format=\"l d F Y\">dimanche 23 ao\u00fbt 2026<\/span> <\/span><\/dt>\n<dd class=\"simcal-weekday-0 simcal-past simcal-day simcal-day-has-events simcal-day-has-1-events simcal-events-calendar-673 simcal-day-has-events simcal-day-has-2-events simcal-events-calendar-673 simcal-day-has-events simcal-day-has-3-events simcal-events-calendar-673\" data-events-count=\"3\">\n\t<ul class=\"simcal-events\">\n\t<li class=\"simcal-event simcal-event-has-location simcal-events-calendar-673\" style=\"\" itemscope itemtype=\"http:\/\/schema.org\/Event\" data-start=\"1787490000\">\n\t\t<div class=\"simcal-event-details\"><p><strong><span class=\"simcal-event-title\" itemprop=\"name\">Blois - Saint-Saturnin<\/span><\/strong><\/p>\n<div>Vos guides : <div class=\"simcal-event-description\" itemprop=\"description\"><p>\u00a0de 14h30 \u00e0 18h  D. Mondamert,\u00a0\u00a0X. Anquetin<\/p>\n<\/div><\/div><\/div>\n\t<\/li>\n\t<li class=\"simcal-event simcal-event-has-location simcal-events-calendar-673\" style=\"\" itemscope itemtype=\"http:\/\/schema.org\/Event\" data-start=\"1787490000\">\n\t\t<div class=\"simcal-event-details\"><p><strong><span class=\"simcal-event-title\" itemprop=\"name\">Valencisse - Saint-Secondin<\/span><\/strong><\/p>\n<div>Vos guides : <div class=\"simcal-event-description\" itemprop=\"description\"><p>\u00a0\u00e9glise ouverte de 15h \u00e0 17h  J-F. Champ,\u00a0\u00a0F. Dimont<\/p>\n<\/div><\/div><\/div>\n\t<\/li>\n\t<li class=\"simcal-event simcal-event-has-location simcal-events-calendar-673\" style=\"\" itemscope itemtype=\"http:\/\/schema.org\/Event\" data-start=\"1787490000\">\n\t\t<div class=\"simcal-event-details\"><p><strong><span class=\"simcal-event-title\" itemprop=\"name\">Vend\u00f4me - Notre-Dame des Rottes<\/span><\/strong><\/p>\n<div>Vos guides : <div class=\"simcal-event-description\" itemprop=\"description\"><p> Ch. Sigot  02 54 72 14 22<\/p>\n<\/div><\/div><\/div>\n\t<\/li>\n<\/ul>\n\n<\/dd>\n\t<dt class=\"simcal-day-label\" style=\"border-bottom: 1px solid #000000;\" ><span style=\"background-color: #000000; color: #ffffff;\"><span class=\"simcal-date-format\" data-date-format=\"l d F Y\">vendredi 28 ao\u00fbt 2026<\/span> <\/span><\/dt>\n<dd class=\"simcal-weekday-5 simcal-past simcal-day simcal-day-has-events simcal-day-has-1-events simcal-events-calendar-673\" data-events-count=\"1\">\n\t<ul class=\"simcal-events\">\n\t<li class=\"simcal-event simcal-event-has-location simcal-events-calendar-673\" style=\"\" itemscope itemtype=\"http:\/\/schema.org\/Event\" data-start=\"1787922000\">\n\t\t<div class=\"simcal-event-details\"><p><strong><span class=\"simcal-event-title\" itemprop=\"name\">Le Temple - Nativit\u00e9 de la B.M.V.<\/span><\/strong><\/p>\n<div>Vos guides : <div class=\"simcal-event-description\" itemprop=\"description\"><p> Visite \u00e0 17h30  A-M. Louveau <\/p>\n<\/div><\/div><\/div>\n\t<\/li>\n<\/ul>\n\n<\/dd>\n\t<dt class=\"simcal-day-label\" style=\"border-bottom: 1px solid #000000;\" ><span style=\"background-color: #000000; color: #ffffff;\"><span class=\"simcal-date-format\" data-date-format=\"l d F Y\">samedi 29 ao\u00fbt 2026<\/span> <\/span><\/dt>\n<dd class=\"simcal-weekday-6 simcal-past simcal-day simcal-day-has-events simcal-day-has-1-events simcal-events-calendar-673\" data-events-count=\"1\">\n\t<ul class=\"simcal-events\">\n\t<li class=\"simcal-event simcal-event-has-location simcal-events-calendar-673\" style=\"\" itemscope itemtype=\"http:\/\/schema.org\/Event\" data-start=\"1788008400\">\n\t\t<div class=\"simcal-event-details\"><p><strong><span class=\"simcal-event-title\" itemprop=\"name\">Chouzy-sur-Cisse - Saint-Martin<\/span><\/strong><\/p>\n<div>Vos guides : <div class=\"simcal-event-description\" itemprop=\"description\"><p>\u00a014h30 \u00e0 17h30  S. de la Tourasse,\u00a0\u00a0M. V\u00e9ron<\/p>\n<\/div><\/div><\/div>\n\t<\/li>\n<\/ul>\n\n<\/dd>\n\t<dt class=\"simcal-day-label\" style=\"border-bottom: 1px solid #000000;\" ><span style=\"background-color: #000000; color: #ffffff;\"><span class=\"simcal-date-format\" data-date-format=\"l d F Y\">dimanche 30 ao\u00fbt 2026<\/span> <\/span><\/dt>\n<dd class=\"simcal-weekday-0 simcal-past simcal-day simcal-day-has-events simcal-day-has-1-events simcal-events-calendar-673\" data-events-count=\"1\">\n\t<ul class=\"simcal-events\">\n\t<li class=\"simcal-event simcal-event-has-location simcal-events-calendar-673\" style=\"\" itemscope itemtype=\"http:\/\/schema.org\/Event\" data-start=\"1788094800\">\n\t\t<div class=\"simcal-event-details\"><p><strong><span class=\"simcal-event-title\" itemprop=\"name\">Blois - Saint-Joseph<\/span><\/strong><\/p>\n<div>Vos guides : <div class=\"simcal-event-description\" itemprop=\"description\"><p> M-A. Pell\u00e9  02 54 51 50 50<\/p>\n<\/div><\/div><\/div>\n\t<\/li>\n<\/ul>\n\n<\/dd>\n\t<dt class=\"simcal-day-label\" style=\"border-bottom: 1px solid #000000;\" ><span style=\"background-color: #000000; color: #ffffff;\"><span class=\"simcal-date-format\" data-date-format=\"l d F Y\">samedi 05 septembre 2026<\/span> <\/span><\/dt>\n<dd class=\"simcal-weekday-6 simcal-past simcal-day simcal-day-has-events simcal-day-has-1-events simcal-events-calendar-673 simcal-day-has-events simcal-day-has-2-events simcal-events-calendar-673\" data-events-count=\"2\">\n\t<ul class=\"simcal-events\">\n\t<li class=\"simcal-event simcal-event-has-location simcal-events-calendar-673\" style=\"\" itemscope itemtype=\"http:\/\/schema.org\/Event\" data-start=\"1788613200\">\n\t\t<div class=\"simcal-event-details\"><p><strong><span class=\"simcal-event-title\" itemprop=\"name\">Fontaines-en-Sologne - Notre-Dame<\/span><\/strong><\/p>\n<div>Vos guides : <div class=\"simcal-event-description\" itemprop=\"description\"><p> Attention pr\u00e9venir par t\u00e9l\u00e9phone de sa participation - \u00e9glise ouverte tous les jours  M. Thibault <\/p>\n<\/div><\/div><\/div>\n\t<\/li>\n\t<li class=\"simcal-event simcal-event-has-location simcal-events-calendar-673\" style=\"\" itemscope itemtype=\"http:\/\/schema.org\/Event\" data-start=\"1788613200\">\n\t\t<div class=\"simcal-event-details\"><p><strong><span class=\"simcal-event-title\" itemprop=\"name\">La Chapelle Vicomtesse - Saint-Michel<\/span><\/strong><\/p>\n<div>Vos guides : <div class=\"simcal-event-description\" itemprop=\"description\"><p> 1\u00e8re \u00e9dition  B. Malcor <\/p>\n<\/div><\/div><\/div>\n\t<\/li>\n<\/ul>\n\n<\/dd>\n\t<dt class=\"simcal-day-label\" style=\"border-bottom: 1px solid #000000;\" ><span style=\"background-color: #000000; color: #ffffff;\"><span class=\"simcal-date-format\" data-date-format=\"l d F Y\">dimanche 06 septembre 2026<\/span> <\/span><\/dt>\n<dd class=\"simcal-weekday-0 simcal-past simcal-day simcal-day-has-events simcal-day-has-1-events simcal-events-calendar-673 simcal-day-has-events simcal-day-has-2-events simcal-events-calendar-673 simcal-day-has-events simcal-day-has-3-events simcal-events-calendar-673 simcal-day-has-events simcal-day-has-4-events simcal-events-calendar-673 simcal-day-has-events simcal-day-has-5-events simcal-events-calendar-673\" data-events-count=\"5\">\n\t<ul class=\"simcal-events\">\n\t<li class=\"simcal-event simcal-event-has-location simcal-events-calendar-673\" style=\"\" itemscope itemtype=\"http:\/\/schema.org\/Event\" data-start=\"1788676200\">\n\t\t<div class=\"simcal-event-details\"><p><strong><span class=\"simcal-event-title\" itemprop=\"name\">Saint Amand-Longpr\u00e9, \u00e9glise Saint Amand<\/span><\/strong><\/p>\n<div>Vos guides : <div class=\"simcal-event-description\" itemprop=\"description\"><p>P\u00e8lerinage \u00e0 Notre-Dame de Villethiou - 8h30 D\u00e9part de l\u2019\u00e9glise avec les scouts de Vend\u00f4me jusqu\u2019au sanctuaire de Villethiou - 1h Messe suivie du verre de l\u2019amiti\u00e9, pique-nique - 15h30 Chapelet \u00e0 l\u2019oratoire<\/p>\n<\/div><\/div><\/div>\n\t<\/li>\n\t<li class=\"simcal-event simcal-event-has-location simcal-events-calendar-673\" style=\"\" itemscope itemtype=\"http:\/\/schema.org\/Event\" data-start=\"1788699600\">\n\t\t<div class=\"simcal-event-details\"><p><strong><span class=\"simcal-event-title\" itemprop=\"name\">Blois - Saint-Saturnin<\/span><\/strong><\/p>\n<div>Vos guides : <div class=\"simcal-event-description\" itemprop=\"description\"><p>\u00a0de 14h30 \u00e0 18h  D. Mondamert,\u00a0\u00a0X. Anquetin<\/p>\n<\/div><\/div><\/div>\n\t<\/li>\n\t<li class=\"simcal-event simcal-event-has-location simcal-events-calendar-673\" style=\"\" itemscope itemtype=\"http:\/\/schema.org\/Event\" data-start=\"1788699600\">\n\t\t<div class=\"simcal-event-details\"><p><strong><span class=\"simcal-event-title\" itemprop=\"name\">Blois - Saint-Vincent<\/span><\/strong><\/p>\n<div>Vos guides : <div class=\"simcal-event-description\" itemprop=\"description\"><p> Ph. Berger<\/p>\n<\/div><\/div><\/div>\n\t<\/li>\n\t<li class=\"simcal-event simcal-event-has-location simcal-events-calendar-673\" style=\"\" itemscope itemtype=\"http:\/\/schema.org\/Event\" data-start=\"1788699600\">\n\t\t<div class=\"simcal-event-details\"><p><strong><span class=\"simcal-event-title\" itemprop=\"name\">Bouffry - Nativit\u00e9 de la B.M.V.<\/span><\/strong><\/p>\n<div>Vos guides : <div class=\"simcal-event-description\" itemprop=\"description\"><p> T. Stansbury  06 50 99 26 19<\/p>\n<\/div><\/div><\/div>\n\t<\/li>\n\t<li class=\"simcal-event simcal-event-has-location simcal-events-calendar-673\" style=\"\" itemscope itemtype=\"http:\/\/schema.org\/Event\" data-start=\"1788699600\">\n\t\t<div class=\"simcal-event-details\"><p><strong><span class=\"simcal-event-title\" itemprop=\"name\">La Chauss\u00e9e-Saint-Victor - Saint-Victor<\/span><\/strong><\/p>\n<div>Vos guides : <div class=\"simcal-event-description\" itemprop=\"description\"><p>\u00a0F. Corlob\u00e9,\u00a0Ch. Moreau \u00a006 74 39 43 45<\/p>\n<\/div><\/div><\/div>\n\t<\/li>\n<\/ul>\n\n<\/dd>\n\t<dt class=\"simcal-day-label\" style=\"border-bottom: 1px solid #000000;\" ><span style=\"background-color: #000000; color: #ffffff;\"><span class=\"simcal-date-format\" data-date-format=\"l d F Y\">samedi 12 septembre 2026<\/span> <\/span><\/dt>\n<dd class=\"simcal-weekday-6 simcal-past simcal-day simcal-day-has-events simcal-day-has-1-events simcal-events-calendar-673\" data-events-count=\"1\">\n\t<ul class=\"simcal-events\">\n\t<li class=\"simcal-event simcal-event-has-location simcal-events-calendar-673\" style=\"\" itemscope itemtype=\"http:\/\/schema.org\/Event\" data-start=\"1789218000\">\n\t\t<div class=\"simcal-event-details\"><p><strong><span class=\"simcal-event-title\" itemprop=\"name\">Blois - Saint-Nicolas<\/span><\/strong><\/p>\n<div>Vos guides : <div class=\"simcal-event-description\" itemprop=\"description\"><p> X. Anquetin  06 85 42 10 25<\/p>\n<\/div><\/div><\/div>\n\t<\/li>\n<\/ul>\n\n<\/dd>\n\t<dt class=\"simcal-day-label\" style=\"border-bottom: 1px solid #000000;\" ><span style=\"background-color: #000000; color: #ffffff;\"><span class=\"simcal-date-format\" data-date-format=\"l d F Y\">dimanche 13 septembre 2026<\/span> <\/span><\/dt>\n<dd class=\"simcal-weekday-0 simcal-past simcal-day simcal-day-has-events simcal-day-has-1-events simcal-events-calendar-673 simcal-day-has-events simcal-day-has-2-events simcal-events-calendar-673\" data-events-count=\"2\">\n\t<ul class=\"simcal-events\">\n\t<li class=\"simcal-event simcal-event-has-location simcal-events-calendar-673\" style=\"\" itemscope itemtype=\"http:\/\/schema.org\/Event\" data-start=\"1789304400\">\n\t\t<div class=\"simcal-event-details\"><p><strong><span class=\"simcal-event-title\" itemprop=\"name\">Blois - Saint-Saturnin<\/span><\/strong><\/p>\n<div>Vos guides : <div class=\"simcal-event-description\" itemprop=\"description\"><p>\u00a0de 14h30 \u00e0 18h  D. Mondamert,\u00a0\u00a0X. Anquetin<\/p>\n<\/div><\/div><\/div>\n\t<\/li>\n\t<li class=\"simcal-event simcal-event-has-location simcal-events-calendar-673\" style=\"\" itemscope itemtype=\"http:\/\/schema.org\/Event\" data-start=\"1789304400\">\n\t\t<div class=\"simcal-event-details\"><p><strong><span class=\"simcal-event-title\" itemprop=\"name\">Villedieu-le Ch\u00e2teau - \u00e9glise Saint Jean-Baptiste<\/span><\/strong><\/p>\n<div>Vos guides : <div class=\"simcal-event-description\" itemprop=\"description\"><p>10h30 Messe puis procession jusqu\u2019au calvaire N.D. de Piti\u00e9 suivie d\u2019un pique-nique tir\u00e9 du sac.<\/p>\n<\/div><\/div><\/div>\n\t<\/li>\n<\/ul>\n\n<\/dd>\n\t<dt class=\"simcal-day-label\" style=\"border-bottom: 1px solid #000000;\" ><span style=\"background-color: #000000; color: #ffffff;\"><span class=\"simcal-date-format\" data-date-format=\"l d F Y\">vendredi 18 septembre 2026<\/span> <\/span><\/dt>\n<dd class=\"simcal-weekday-5 simcal-past simcal-day simcal-day-has-events simcal-day-has-1-events simcal-events-calendar-673\" data-events-count=\"1\">\n\t<ul class=\"simcal-events\">\n\t<li class=\"simcal-event simcal-event-has-location simcal-events-calendar-673\" style=\"\" itemscope itemtype=\"http:\/\/schema.org\/Event\" data-start=\"1789736400\">\n\t\t<div class=\"simcal-event-details\"><p><strong><span class=\"simcal-event-title\" itemprop=\"name\">Pruniers-en-Sologne - Saint Jean-Baptiste<\/span><\/strong><\/p>\n<div>Vos guides : <div class=\"simcal-event-description\" itemprop=\"description\"><p> Les amis de l\u2019\u00e9glise St Jean-Baptiste  06 26 51 98 85<\/p>\n<\/div><\/div><\/div>\n\t<\/li>\n<\/ul>\n\n<\/dd>\n\t<dt class=\"simcal-day-label\" style=\"border-bottom: 1px solid #000000;\" ><span style=\"background-color: #000000; color: #ffffff;\"><span class=\"simcal-date-format\" data-date-format=\"l d F Y\">samedi 19 septembre 2026<\/span> <\/span><\/dt>\n<dd class=\"simcal-weekday-6 simcal-past simcal-day simcal-day-has-events simcal-day-has-1-events simcal-events-calendar-673 simcal-day-has-events simcal-day-has-2-events simcal-events-calendar-673 simcal-day-has-events simcal-day-has-3-events simcal-events-calendar-673 simcal-day-has-events simcal-day-has-4-events simcal-events-calendar-673 simcal-day-has-events simcal-day-has-5-events simcal-events-calendar-673 simcal-day-has-events simcal-day-has-6-events simcal-events-calendar-673 simcal-day-has-events simcal-day-has-7-events simcal-events-calendar-673 simcal-day-has-events simcal-day-has-8-events simcal-events-calendar-673 simcal-day-has-events simcal-day-has-9-events simcal-events-calendar-673\" data-events-count=\"9\">\n\t<ul class=\"simcal-events\">\n\t<li class=\"simcal-event simcal-event-has-location simcal-events-calendar-673\" style=\"\" itemscope itemtype=\"http:\/\/schema.org\/Event\" data-start=\"1789822800\">\n\t\t<div class=\"simcal-event-details\"><p><strong><span class=\"simcal-event-title\" itemprop=\"name\">Baillou - Saint Jean-Baptiste<\/span><\/strong><\/p>\n<div>Vos guides : <div class=\"simcal-event-description\" itemprop=\"description\"><p> Visites \u00e0 11h et 16h  F\u00eate des Anciens Combattants <\/p>\n<\/div><\/div><\/div>\n\t<\/li>\n\t<li class=\"simcal-event simcal-event-has-location simcal-events-calendar-673\" style=\"\" itemscope itemtype=\"http:\/\/schema.org\/Event\" data-start=\"1789822800\">\n\t\t<div class=\"simcal-event-details\"><p><strong><span class=\"simcal-event-title\" itemprop=\"name\">Chouzy-sur-Cisse - Saint-Martin<\/span><\/strong><\/p>\n<div>Vos guides : <div class=\"simcal-event-description\" itemprop=\"description\"><p>\u00a014h30 \u00e0 17h30  S. de la Tourasse,\u00a0\u00a0M. V\u00e9ron<\/p>\n<\/div><\/div><\/div>\n\t<\/li>\n\t<li class=\"simcal-event simcal-event-has-location simcal-events-calendar-673\" style=\"\" itemscope itemtype=\"http:\/\/schema.org\/Event\" data-start=\"1789822800\">\n\t\t<div class=\"simcal-event-details\"><p><strong><span class=\"simcal-event-title\" itemprop=\"name\">Ch\u00e2teauvieux - Saint-Hilaire<\/span><\/strong><\/p>\n<div>Vos guides : <div class=\"simcal-event-description\" itemprop=\"description\"><p> J. Chausset  02 54 75 19 09<\/p>\n<\/div><\/div><\/div>\n\t<\/li>\n\t<li class=\"simcal-event simcal-event-has-location simcal-events-calendar-673\" style=\"\" itemscope itemtype=\"http:\/\/schema.org\/Event\" data-start=\"1789822800\">\n\t\t<div class=\"simcal-event-details\"><p><strong><span class=\"simcal-event-title\" itemprop=\"name\">Lamotte-Beuvron - Saint-Anne<\/span><\/strong><\/p>\n<div>Vos guides : <div class=\"simcal-event-description\" itemprop=\"description\"><p> T. Monniaux  06 74 15 13 29<\/p>\n<\/div><\/div><\/div>\n\t<\/li>\n\t<li class=\"simcal-event simcal-event-has-location simcal-events-calendar-673\" style=\"\" itemscope itemtype=\"http:\/\/schema.org\/Event\" data-start=\"1789822800\">\n\t\t<div class=\"simcal-event-details\"><p><strong><span class=\"simcal-event-title\" itemprop=\"name\">Montrichard Val de Cher - Notre-Dame de Nanteuil<\/span><\/strong><\/p>\n<div>Vos guides : <div class=\"simcal-event-description\" itemprop=\"description\"><p> RDV devant la fontaine - coupl\u00e9e avec Saint-Aignan  J-F. Martine<\/p>\n<\/div><\/div><\/div>\n\t<\/li>\n\t<li class=\"simcal-event simcal-event-has-location simcal-events-calendar-673\" style=\"\" itemscope itemtype=\"http:\/\/schema.org\/Event\" data-start=\"1789822800\">\n\t\t<div class=\"simcal-event-details\"><p><strong><span class=\"simcal-event-title\" itemprop=\"name\">Prunay-Cassereau - Saint Jean-Baptiste<\/span><\/strong><\/p>\n<div>Vos guides : <div class=\"simcal-event-description\" itemprop=\"description\"><p> N. Habold  07 80 03 24 33<\/p>\n<\/div><\/div><\/div>\n\t<\/li>\n\t<li class=\"simcal-event simcal-event-has-location simcal-events-calendar-673\" style=\"\" itemscope itemtype=\"http:\/\/schema.org\/Event\" data-start=\"1789822800\">\n\t\t<div class=\"simcal-event-details\"><p><strong><span class=\"simcal-event-title\" itemprop=\"name\">Saint-Aignan - Coll\u00e8giale<\/span><\/strong><\/p>\n<div>Vos guides : <div class=\"simcal-event-description\" itemprop=\"description\"><p> J.F Martine  Visite \u00e0 18h \u00e0 la suite de N-D. de Nanteuil \u00e0 Montrichard 15h<\/p>\n<\/div><\/div><\/div>\n\t<\/li>\n\t<li class=\"simcal-event simcal-event-has-location simcal-events-calendar-673\" style=\"\" itemscope itemtype=\"http:\/\/schema.org\/Event\" data-start=\"1789822800\">\n\t\t<div class=\"simcal-event-details\"><p><strong><span class=\"simcal-event-title\" itemprop=\"name\">Souvigny-en-Sologne - Saint-Martin<\/span><\/strong><\/p>\n<div>Vos guides : <div class=\"simcal-event-description\" itemprop=\"description\"><p>\u00a0N. de Br\u00e9z\u00e9,\u00a0\u00a0A. Villain \u00a006 03 76 60 88 ou 02 54 88 45 30<\/p>\n<\/div><\/div><\/div>\n\t<\/li>\n\t<li class=\"simcal-event simcal-event-has-location simcal-events-calendar-673\" style=\"\" itemscope itemtype=\"http:\/\/schema.org\/Event\" data-start=\"1789822800\">\n\t\t<div class=\"simcal-event-details\"><p><strong><span class=\"simcal-event-title\" itemprop=\"name\">Vineuil - Saint-Martin<\/span><\/strong><\/p>\n<div>Vos guides : <div class=\"simcal-event-description\" itemprop=\"description\"><p> \u00c9quipe de Vineuil  02 54 42 04 25 - Laisser un message si absence.<\/p>\n<\/div><\/div><\/div>\n\t<\/li>\n<\/ul>\n\n<\/dd>\n\t<dt class=\"simcal-day-label\" style=\"border-bottom: 1px solid #000000;\" ><span style=\"background-color: #000000; color: #ffffff;\"><span class=\"simcal-date-format\" data-date-format=\"l d F Y\">dimanche 20 septembre 2026<\/span> <\/span><\/dt>\n<dd class=\"simcal-weekday-0 simcal-past simcal-day simcal-day-has-events simcal-day-has-1-events simcal-events-calendar-673 simcal-day-has-events simcal-day-has-2-events simcal-events-calendar-673 simcal-day-has-events simcal-day-has-3-events simcal-events-calendar-673 simcal-day-has-events simcal-day-has-4-events simcal-events-calendar-673 simcal-day-has-events simcal-day-has-5-events simcal-events-calendar-673 simcal-day-has-events simcal-day-has-6-events simcal-events-calendar-673 simcal-day-has-events simcal-day-has-7-events simcal-events-calendar-673 simcal-day-has-events simcal-day-has-8-events simcal-events-calendar-673 simcal-day-has-events simcal-day-has-9-events simcal-events-calendar-673 simcal-day-has-events simcal-day-has-10-events simcal-events-calendar-673 simcal-day-has-events simcal-day-has-11-events simcal-events-calendar-673\" data-events-count=\"11\">\n\t<ul class=\"simcal-events\">\n\t<li class=\"simcal-event simcal-event-has-location simcal-events-calendar-673\" style=\"\" itemscope itemtype=\"http:\/\/schema.org\/Event\" data-start=\"1789909200\">\n\t\t<div class=\"simcal-event-details\"><p><strong><span class=\"simcal-event-title\" itemprop=\"name\">Blois - Saint-Saturnin<\/span><\/strong><\/p>\n<div>Vos guides : <div class=\"simcal-event-description\" itemprop=\"description\"><p>\u00a0de 14h30 \u00e0 18h  D. Mondamert,\u00a0\u00a0X. Anquetin<\/p>\n<\/div><\/div><\/div>\n\t<\/li>\n\t<li class=\"simcal-event simcal-event-has-location simcal-events-calendar-673\" style=\"\" itemscope itemtype=\"http:\/\/schema.org\/Event\" data-start=\"1789909200\">\n\t\t<div class=\"simcal-event-details\"><p><strong><span class=\"simcal-event-title\" itemprop=\"name\">Chaon - Chaire de Saint-Pierre<\/span><\/strong><\/p>\n<div>Vos guides : <div class=\"simcal-event-description\" itemprop=\"description\"><p> Apr\u00e8s-midi  A. et Ch. de la Messeli\u00e9re <\/p>\n<\/div><\/div><\/div>\n\t<\/li>\n\t<li class=\"simcal-event simcal-event-has-location simcal-events-calendar-673\" style=\"\" itemscope itemtype=\"http:\/\/schema.org\/Event\" data-start=\"1789909200\">\n\t\t<div class=\"simcal-event-details\"><p><strong><span class=\"simcal-event-title\" itemprop=\"name\">Chouzy-sur-Cisse - Saint-Martin<\/span><\/strong><\/p>\n<div>Vos guides : <div class=\"simcal-event-description\" itemprop=\"description\"><p>\u00a014h30 \u00e0 17h30  S. de la Tourasse,\u00a0M. V\u00e9ron<\/p>\n<\/div><\/div><\/div>\n\t<\/li>\n\t<li class=\"simcal-event simcal-event-has-location simcal-events-calendar-673\" style=\"\" itemscope itemtype=\"http:\/\/schema.org\/Event\" data-start=\"1789909200\">\n\t\t<div class=\"simcal-event-details\"><p><strong><span class=\"simcal-event-title\" itemprop=\"name\">Lamotte-Beuvron - Saint-Anne<\/span><\/strong><\/p>\n<div>Vos guides : <div class=\"simcal-event-description\" itemprop=\"description\"><p> T. Monniaux  06 74 15 13 29<\/p>\n<\/div><\/div><\/div>\n\t<\/li>\n\t<li class=\"simcal-event simcal-event-has-location simcal-events-calendar-673\" style=\"\" itemscope itemtype=\"http:\/\/schema.org\/Event\" data-start=\"1789909200\">\n\t\t<div class=\"simcal-event-details\"><p><strong><span class=\"simcal-event-title\" itemprop=\"name\">Meusnes - Saint-Pierre aux liens<\/span><\/strong><\/p>\n<div>Vos guides : <div class=\"simcal-event-description\" itemprop=\"description\"><p> J.F Martine  visite de 18h \u00e0 la suite de Notre-Dame la Blanche de Selles\/Cher<\/p>\n<\/div><\/div><\/div>\n\t<\/li>\n\t<li class=\"simcal-event simcal-event-has-location simcal-events-calendar-673\" style=\"\" itemscope itemtype=\"http:\/\/schema.org\/Event\" data-start=\"1789909200\">\n\t\t<div class=\"simcal-event-details\"><p><strong><span class=\"simcal-event-title\" itemprop=\"name\">Montlivault - Saint-Pierre<\/span><\/strong><\/p>\n<div>Vos guides : <div class=\"simcal-event-description\" itemprop=\"description\"><p> de 14h \u00e0 17h  A-M. Chablat<\/p>\n<\/div><\/div><\/div>\n\t<\/li>\n\t<li class=\"simcal-event simcal-event-has-location simcal-events-calendar-673\" style=\"\" itemscope itemtype=\"http:\/\/schema.org\/Event\" data-start=\"1789909200\">\n\t\t<div class=\"simcal-event-details\"><p><strong><span class=\"simcal-event-title\" itemprop=\"name\">Saint-Gervais-la-For\u00eat - Saint-Gervais<\/span><\/strong><\/p>\n<div>Vos guides : <div class=\"simcal-event-description\" itemprop=\"description\"><p> de 15h \u00e0 18h  \u00c9quipe de Saint-Gervais-la-For\u00eat<\/p>\n<\/div><\/div><\/div>\n\t<\/li>\n\t<li class=\"simcal-event simcal-event-has-location simcal-events-calendar-673\" style=\"\" itemscope itemtype=\"http:\/\/schema.org\/Event\" data-start=\"1789909200\">\n\t\t<div class=\"simcal-event-details\"><p><strong><span class=\"simcal-event-title\" itemprop=\"name\">Saint-Jean-Froidmentel - Saint Jean-Baptiste<\/span><\/strong><\/p>\n<div>Vos guides : <div class=\"simcal-event-description\" itemprop=\"description\"><p> visite \u00e0 16h  A. et H. de la Taille <\/p>\n<\/div><\/div><\/div>\n\t<\/li>\n\t<li class=\"simcal-event simcal-event-has-location simcal-events-calendar-673\" style=\"\" itemscope itemtype=\"http:\/\/schema.org\/Event\" data-start=\"1789909200\">\n\t\t<div class=\"simcal-event-details\"><p><strong><span class=\"simcal-event-title\" itemprop=\"name\">Selles-sur-Cher - Sainte-Marie la Blanche<\/span><\/strong><\/p>\n<div>Vos guides : <div class=\"simcal-event-description\" itemprop=\"description\"><p> coupl\u00e9e avec Meusnes  J-F. Martine<\/p>\n<\/div><\/div><\/div>\n\t<\/li>\n\t<li class=\"simcal-event simcal-event-has-location simcal-events-calendar-673\" style=\"\" itemscope itemtype=\"http:\/\/schema.org\/Event\" data-start=\"1789909200\">\n\t\t<div class=\"simcal-event-details\"><p><strong><span class=\"simcal-event-title\" itemprop=\"name\">Souvigny-en-Sologne - Saint-Martin<\/span><\/strong><\/p>\n<div>Vos guides : <div class=\"simcal-event-description\" itemprop=\"description\"><p>\u00a0N. de Br\u00e9z\u00e9,\u00a0A. Villain \u00a006 03 76 60 88 ou 02 54 88 45 30<\/p>\n<\/div><\/div><\/div>\n\t<\/li>\n\t<li class=\"simcal-event simcal-event-has-location simcal-events-calendar-673\" style=\"\" itemscope itemtype=\"http:\/\/schema.org\/Event\" data-start=\"1789909200\">\n\t\t<div class=\"simcal-event-details\"><p><strong><span class=\"simcal-event-title\" itemprop=\"name\">Vineuil - Saint-Martin<\/span><\/strong><\/p>\n<div>Vos guides : <div class=\"simcal-event-description\" itemprop=\"description\"><p> \u00c9quipe de Vineuil  02 54 42 04 25 - Laisser un message si absence.<\/p>\n<\/div><\/div><\/div>\n\t<\/li>\n<\/ul>\n\n<\/dd>\n\t<dt class=\"simcal-day-label\" style=\"border-bottom: 1px solid #000000;\" ><span style=\"background-color: #000000; color: #ffffff;\"><span class=\"simcal-date-format\" data-date-format=\"l d F Y\">samedi 26 septembre 2026<\/span> <\/span><\/dt>\n<dd class=\"simcal-weekday-6 simcal-past simcal-day simcal-day-has-events simcal-day-has-1-events simcal-events-calendar-673 simcal-day-has-events simcal-day-has-2-events simcal-events-calendar-673\" data-events-count=\"2\">\n\t<ul class=\"simcal-events\">\n\t<li class=\"simcal-event simcal-event-has-location simcal-events-calendar-673\" style=\"\" itemscope itemtype=\"http:\/\/schema.org\/Event\" data-start=\"1790427600\">\n\t\t<div class=\"simcal-event-details\"><p><strong><span class=\"simcal-event-title\" itemprop=\"name\">Cormenon - Saint-Pierre<\/span><\/strong><\/p>\n<div>Vos guides : <div class=\"simcal-event-description\" itemprop=\"description\"><p> M. Georgeon  06 26 28 24 22<\/p>\n<\/div><\/div><\/div>\n\t<\/li>\n\t<li class=\"simcal-event simcal-event-has-location simcal-events-calendar-673\" style=\"\" itemscope itemtype=\"http:\/\/schema.org\/Event\" data-start=\"1790427600\">\n\t\t<div class=\"simcal-event-details\"><p><strong><span class=\"simcal-event-title\" itemprop=\"name\">La Fontenelle - Saint-Gilles<\/span><\/strong><\/p>\n<div>Vos guides : <div class=\"simcal-event-description\" itemprop=\"description\"><p> R. Escadafals  06 13 15 34 41<\/p>\n<\/div><\/div><\/div>\n\t<\/li>\n<\/ul>\n\n<\/dd>\n\t<dt class=\"simcal-day-label\" style=\"border-bottom: 1px solid #000000;\" ><span style=\"background-color: #000000; color: #ffffff;\"><span class=\"simcal-date-format\" data-date-format=\"l d F Y\">dimanche 27 septembre 2026<\/span> <\/span><\/dt>\n<dd class=\"simcal-weekday-0 simcal-past simcal-day simcal-day-has-events simcal-day-has-1-events simcal-events-calendar-673\" data-events-count=\"1\">\n\t<ul class=\"simcal-events\">\n\t<li class=\"simcal-event simcal-event-has-location simcal-events-calendar-673\" style=\"\" itemscope itemtype=\"http:\/\/schema.org\/Event\" data-start=\"1790514000\">\n\t\t<div class=\"simcal-event-details\"><p><strong><span class=\"simcal-event-title\" itemprop=\"name\">Blois - Saint-Saturnin<\/span><\/strong><\/p>\n<div>Vos guides : <div class=\"simcal-event-description\" itemprop=\"description\"><p>\u00a0de 14h30 \u00e0 18h  D. Mondamert,\u00a0\u00a0X. Anquetin<\/p>\n<\/div><\/div><\/div>\n\t<\/li>\n<\/ul>\n\n<\/dd>\n\t<dt class=\"simcal-day-label\" style=\"border-bottom: 1px solid #000000;\" ><span style=\"background-color: #000000; color: #ffffff;\"><span class=\"simcal-date-format\" data-date-format=\"l d F Y\">samedi 03 octobre 2026<\/span> <\/span><\/dt>\n<dd class=\"simcal-weekday-6 simcal-past simcal-day simcal-day-has-events simcal-day-has-1-events simcal-events-calendar-673\" data-events-count=\"1\">\n\t<ul class=\"simcal-events\">\n\t<li class=\"simcal-event simcal-event-has-location simcal-events-calendar-673\" style=\"\" itemscope itemtype=\"http:\/\/schema.org\/Event\" data-start=\"1791032400\">\n\t\t<div class=\"simcal-event-details\"><p><strong><span class=\"simcal-event-title\" itemprop=\"name\">Boursay - Saint-Pierre<\/span><\/strong><\/p>\n<div>Vos guides : <div class=\"simcal-event-description\" itemprop=\"description\"><p> G. Dufrenoy  06 85 42 33 61<\/p>\n<\/div><\/div><\/div>\n\t<\/li>\n<\/ul>\n\n<\/dd>\n\t<dt class=\"simcal-day-label\" style=\"border-bottom: 1px solid #000000;\" ><span style=\"background-color: #000000; color: #ffffff;\"><span class=\"simcal-date-format\" data-date-format=\"l d F Y\">dimanche 04 octobre 2026<\/span> <\/span><\/dt>\n<dd class=\"simcal-weekday-0 simcal-past simcal-day simcal-day-has-events simcal-day-has-1-events simcal-events-calendar-673\" data-events-count=\"1\">\n\t<ul class=\"simcal-events\">\n\t<li class=\"simcal-event simcal-event-has-location simcal-events-calendar-673\" style=\"\" itemscope itemtype=\"http:\/\/schema.org\/Event\" data-start=\"1791118800\">\n\t\t<div class=\"simcal-event-details\"><p><strong><span class=\"simcal-event-title\" itemprop=\"name\">Blois - Saint-Vincent<\/span><\/strong><\/p>\n<div>Vos guides : <div class=\"simcal-event-description\" itemprop=\"description\"><p> Ph. Berger<\/p>\n<\/div><\/div><\/div>\n\t<\/li>\n<\/ul>\n\n<\/dd>\n\t<dt class=\"simcal-day-label\" style=\"border-bottom: 1px solid #000000;\" ><span style=\"background-color: #000000; color: #ffffff;\"><span class=\"simcal-date-format\" data-date-format=\"l d F Y\">dimanche 25 octobre 2026<\/span> <\/span><\/dt>\n<dd class=\"simcal-weekday-0 simcal-past simcal-day simcal-day-has-events simcal-day-has-1-events simcal-events-calendar-673 simcal-day-has-events simcal-day-has-2-events simcal-events-calendar-673\" data-events-count=\"2\">\n\t<ul class=\"simcal-events\">\n\t<li class=\"simcal-event simcal-event-has-location simcal-events-calendar-673\" style=\"\" itemscope itemtype=\"http:\/\/schema.org\/Event\" data-start=\"1792936800\">\n\t\t<div class=\"simcal-event-details\"><p><strong><span class=\"simcal-event-title\" itemprop=\"name\">Meusnes - Saint-Pierre aux liens<\/span><\/strong><\/p>\n<div>Vos guides : <div class=\"simcal-event-description\" itemprop=\"description\"><p> J.F Martine  visite de 18h \u00e0 la suite de la Coll\u00e9giale de Saint-Aignan<\/p>\n<\/div><\/div><\/div>\n\t<\/li>\n\t<li class=\"simcal-event simcal-event-has-location simcal-events-calendar-673\" style=\"\" itemscope itemtype=\"http:\/\/schema.org\/Event\" data-start=\"1792936800\">\n\t\t<div class=\"simcal-event-details\"><p><strong><span class=\"simcal-event-title\" itemprop=\"name\">Saint-Aignan - Coll\u00e8giale<\/span><\/strong><\/p>\n<div>Vos guides : <div class=\"simcal-event-description\" itemprop=\"description\"><p> J.F Martine  coupl\u00e9e avec Meusnes<\/p>\n<\/div><\/div><\/div>\n\t<\/li>\n<\/ul>\n\n<\/dd>\n\t<dt class=\"simcal-day-label\" style=\"border-bottom: 1px solid #000000;\" ><span style=\"background-color: #000000; color: #ffffff;\"><span class=\"simcal-date-format\" data-date-format=\"l d F Y\">vendredi 06 novembre 2026<\/span> <\/span><\/dt>\n<dd class=\"simcal-weekday-5 simcal-past simcal-day simcal-day-has-events simcal-day-has-1-events simcal-events-calendar-673\" data-events-count=\"1\">\n\t<ul class=\"simcal-events\">\n\t<li class=\"simcal-event simcal-event-has-location simcal-events-calendar-673\" style=\"\" itemscope itemtype=\"http:\/\/schema.org\/Event\" data-start=\"1793973600\">\n\t\t<div class=\"simcal-event-details\"><p><strong><span class=\"simcal-event-title\" itemprop=\"name\">Drou\u00e9 - Saint-Nicolas<\/span><\/strong><\/p>\n<div>Vos guides : <div class=\"simcal-event-description\" itemprop=\"description\"><p> Toute la journ\u00e9e  R. Escadafals <\/p>\n<\/div><\/div><\/div>\n\t<\/li>\n<\/ul>\n\n<\/dd>\n<\/dl><div class=\"simcal-ajax-loader simcal-spinner-top\" style=\"display: none;\"><i class=\"simcal-icon-spinner simcal-icon-spin\"><\/i><\/div><\/div><\/div>\n","protected":false},"excerpt":{"rendered":"<p>Pour toutes les visites : RDV \u00e0 15h devant l&rsquo;\u00e9glise, sauf pr\u00e9cisions particuli\u00e8res.<\/p>\n","protected":false},"author":5,"featured_media":805,"parent":0,"menu_order":0,"comment_status":"closed","ping_status":"closed","template":"","meta":{"footnotes":""},"class_list":["post-674","page","type-page","status-publish","has-post-thumbnail","hentry"],"yoast_head":"<!-- This site is optimized with the Yoast SEO plugin v27.0 - https:\/\/yoast.com\/product\/yoast-seo-wordpress\/ -->\n<title>Calendrier complet - Pastorale du Tourisme, \u00e9glises du Loir-et-Cher<\/title>\n<meta name=\"robots\" content=\"index, follow, max-snippet:-1, max-image-preview:large, max-video-preview:-1\" \/>\n<link rel=\"canonical\" href=\"https:\/\/pastoraledutourisme41.fr\/index.php\/calendrier-complet\/\" \/>\n<meta property=\"og:locale\" content=\"fr_FR\" \/>\n<meta property=\"og:type\" content=\"article\" \/>\n<meta property=\"og:title\" content=\"Calendrier complet - Pastorale du Tourisme, \u00e9glises du Loir-et-Cher\" \/>\n<meta property=\"og:description\" content=\"Pour toutes les visites : RDV \u00e0 15h devant l&rsquo;\u00e9glise, sauf pr\u00e9cisions particuli\u00e8res.\" \/>\n<meta property=\"og:url\" content=\"https:\/\/pastoraledutourisme41.fr\/index.php\/calendrier-complet\/\" \/>\n<meta property=\"og:site_name\" content=\"Pastorale du Tourisme, \u00e9glises du Loir-et-Cher\" \/>\n<meta property=\"article:modified_time\" content=\"2022-06-30T13:27:24+00:00\" \/>\n<meta property=\"og:image\" content=\"https:\/\/pastoraledutourisme41.fr\/wp-content\/uploads\/2022\/06\/SOUVIGNY-EN-SOLOGNE-scaled.jpg\" \/>\n\t<meta property=\"og:image:width\" content=\"2560\" \/>\n\t<meta property=\"og:image:height\" content=\"1722\" \/>\n\t<meta property=\"og:image:type\" content=\"image\/jpeg\" \/>\n<meta name=\"twitter:card\" content=\"summary_large_image\" \/>\n<meta name=\"twitter:label1\" content=\"Dur\u00e9e de lecture estim\u00e9e\" \/>\n\t<meta name=\"twitter:data1\" content=\"1 minute\" \/>\n<script type=\"application\/ld+json\" class=\"yoast-schema-graph\">{\"@context\":\"https:\/\/schema.org\",\"@graph\":[{\"@type\":\"WebPage\",\"@id\":\"https:\/\/pastoraledutourisme41.fr\/index.php\/calendrier-complet\/\",\"url\":\"https:\/\/pastoraledutourisme41.fr\/index.php\/calendrier-complet\/\",\"name\":\"Calendrier complet - Pastorale du Tourisme, \u00e9glises du Loir-et-Cher\",\"isPartOf\":{\"@id\":\"https:\/\/pastoraledutourisme41.fr\/#website\"},\"primaryImageOfPage\":{\"@id\":\"https:\/\/pastoraledutourisme41.fr\/index.php\/calendrier-complet\/#primaryimage\"},\"image\":{\"@id\":\"https:\/\/pastoraledutourisme41.fr\/index.php\/calendrier-complet\/#primaryimage\"},\"thumbnailUrl\":\"https:\/\/pastoraledutourisme41.fr\/wp-content\/uploads\/2022\/06\/SOUVIGNY-EN-SOLOGNE-scaled.jpg\",\"datePublished\":\"2022-06-17T16:41:50+00:00\",\"dateModified\":\"2022-06-30T13:27:24+00:00\",\"breadcrumb\":{\"@id\":\"https:\/\/pastoraledutourisme41.fr\/index.php\/calendrier-complet\/#breadcrumb\"},\"inLanguage\":\"fr-FR\",\"potentialAction\":[{\"@type\":\"ReadAction\",\"target\":[\"https:\/\/pastoraledutourisme41.fr\/index.php\/calendrier-complet\/\"]}]},{\"@type\":\"ImageObject\",\"inLanguage\":\"fr-FR\",\"@id\":\"https:\/\/pastoraledutourisme41.fr\/index.php\/calendrier-complet\/#primaryimage\",\"url\":\"https:\/\/pastoraledutourisme41.fr\/wp-content\/uploads\/2022\/06\/SOUVIGNY-EN-SOLOGNE-scaled.jpg\",\"contentUrl\":\"https:\/\/pastoraledutourisme41.fr\/wp-content\/uploads\/2022\/06\/SOUVIGNY-EN-SOLOGNE-scaled.jpg\",\"width\":2560,\"height\":1722,\"caption\":\"Eglise de Souvigny-en-Sologne\"},{\"@type\":\"BreadcrumbList\",\"@id\":\"https:\/\/pastoraledutourisme41.fr\/index.php\/calendrier-complet\/#breadcrumb\",\"itemListElement\":[{\"@type\":\"ListItem\",\"position\":1,\"name\":\"Accueil\",\"item\":\"https:\/\/pastoraledutourisme41.fr\/\"},{\"@type\":\"ListItem\",\"position\":2,\"name\":\"Calendrier complet\"}]},{\"@type\":\"WebSite\",\"@id\":\"https:\/\/pastoraledutourisme41.fr\/#website\",\"url\":\"https:\/\/pastoraledutourisme41.fr\/\",\"name\":\"Pastorale du Tourisme, \u00e9glises du Loir-et-Cher\",\"description\":\"Pastorale des r\u00e9alit\u00e9s du tourisme et des loisirs\",\"publisher\":{\"@id\":\"https:\/\/pastoraledutourisme41.fr\/#organization\"},\"potentialAction\":[{\"@type\":\"SearchAction\",\"target\":{\"@type\":\"EntryPoint\",\"urlTemplate\":\"https:\/\/pastoraledutourisme41.fr\/?s={search_term_string}\"},\"query-input\":{\"@type\":\"PropertyValueSpecification\",\"valueRequired\":true,\"valueName\":\"search_term_string\"}}],\"inLanguage\":\"fr-FR\"},{\"@type\":\"Organization\",\"@id\":\"https:\/\/pastoraledutourisme41.fr\/#organization\",\"name\":\"Pastorale du Tourisme en Loir-et-Cher\",\"url\":\"https:\/\/pastoraledutourisme41.fr\/\",\"logo\":{\"@type\":\"ImageObject\",\"inLanguage\":\"fr-FR\",\"@id\":\"https:\/\/pastoraledutourisme41.fr\/#\/schema\/logo\/image\/\",\"url\":\"https:\/\/pastoraledutourisme41.fr\/wp-content\/uploads\/2020\/01\/LOGO-PRTL-.jpg\",\"contentUrl\":\"https:\/\/pastoraledutourisme41.fr\/wp-content\/uploads\/2020\/01\/LOGO-PRTL-.jpg\",\"width\":120,\"height\":73,\"caption\":\"Pastorale du Tourisme en Loir-et-Cher\"},\"image\":{\"@id\":\"https:\/\/pastoraledutourisme41.fr\/#\/schema\/logo\/image\/\"}}]}<\/script>\n<!-- \/ Yoast SEO plugin. -->","yoast_head_json":{"title":"Calendrier complet - Pastorale du Tourisme, \u00e9glises du Loir-et-Cher","robots":{"index":"index","follow":"follow","max-snippet":"max-snippet:-1","max-image-preview":"max-image-preview:large","max-video-preview":"max-video-preview:-1"},"canonical":"https:\/\/pastoraledutourisme41.fr\/index.php\/calendrier-complet\/","og_locale":"fr_FR","og_type":"article","og_title":"Calendrier complet - Pastorale du Tourisme, \u00e9glises du Loir-et-Cher","og_description":"Pour toutes les visites : RDV \u00e0 15h devant l&rsquo;\u00e9glise, sauf pr\u00e9cisions particuli\u00e8res.","og_url":"https:\/\/pastoraledutourisme41.fr\/index.php\/calendrier-complet\/","og_site_name":"Pastorale du Tourisme, \u00e9glises du Loir-et-Cher","article_modified_time":"2022-06-30T13:27:24+00:00","og_image":[{"width":2560,"height":1722,"url":"https:\/\/pastoraledutourisme41.fr\/wp-content\/uploads\/2022\/06\/SOUVIGNY-EN-SOLOGNE-scaled.jpg","type":"image\/jpeg"}],"twitter_card":"summary_large_image","twitter_misc":{"Dur\u00e9e de lecture estim\u00e9e":"1 minute"},"schema":{"@context":"https:\/\/schema.org","@graph":[{"@type":"WebPage","@id":"https:\/\/pastoraledutourisme41.fr\/index.php\/calendrier-complet\/","url":"https:\/\/pastoraledutourisme41.fr\/index.php\/calendrier-complet\/","name":"Calendrier complet - Pastorale du Tourisme, \u00e9glises du Loir-et-Cher","isPartOf":{"@id":"https:\/\/pastoraledutourisme41.fr\/#website"},"primaryImageOfPage":{"@id":"https:\/\/pastoraledutourisme41.fr\/index.php\/calendrier-complet\/#primaryimage"},"image":{"@id":"https:\/\/pastoraledutourisme41.fr\/index.php\/calendrier-complet\/#primaryimage"},"thumbnailUrl":"https:\/\/pastoraledutourisme41.fr\/wp-content\/uploads\/2022\/06\/SOUVIGNY-EN-SOLOGNE-scaled.jpg","datePublished":"2022-06-17T16:41:50+00:00","dateModified":"2022-06-30T13:27:24+00:00","breadcrumb":{"@id":"https:\/\/pastoraledutourisme41.fr\/index.php\/calendrier-complet\/#breadcrumb"},"inLanguage":"fr-FR","potentialAction":[{"@type":"ReadAction","target":["https:\/\/pastoraledutourisme41.fr\/index.php\/calendrier-complet\/"]}]},{"@type":"ImageObject","inLanguage":"fr-FR","@id":"https:\/\/pastoraledutourisme41.fr\/index.php\/calendrier-complet\/#primaryimage","url":"https:\/\/pastoraledutourisme41.fr\/wp-content\/uploads\/2022\/06\/SOUVIGNY-EN-SOLOGNE-scaled.jpg","contentUrl":"https:\/\/pastoraledutourisme41.fr\/wp-content\/uploads\/2022\/06\/SOUVIGNY-EN-SOLOGNE-scaled.jpg","width":2560,"height":1722,"caption":"Eglise de Souvigny-en-Sologne"},{"@type":"BreadcrumbList","@id":"https:\/\/pastoraledutourisme41.fr\/index.php\/calendrier-complet\/#breadcrumb","itemListElement":[{"@type":"ListItem","position":1,"name":"Accueil","item":"https:\/\/pastoraledutourisme41.fr\/"},{"@type":"ListItem","position":2,"name":"Calendrier complet"}]},{"@type":"WebSite","@id":"https:\/\/pastoraledutourisme41.fr\/#website","url":"https:\/\/pastoraledutourisme41.fr\/","name":"Pastorale du Tourisme, \u00e9glises du Loir-et-Cher","description":"Pastorale des r\u00e9alit\u00e9s du tourisme et des loisirs","publisher":{"@id":"https:\/\/pastoraledutourisme41.fr\/#organization"},"potentialAction":[{"@type":"SearchAction","target":{"@type":"EntryPoint","urlTemplate":"https:\/\/pastoraledutourisme41.fr\/?s={search_term_string}"},"query-input":{"@type":"PropertyValueSpecification","valueRequired":true,"valueName":"search_term_string"}}],"inLanguage":"fr-FR"},{"@type":"Organization","@id":"https:\/\/pastoraledutourisme41.fr\/#organization","name":"Pastorale du Tourisme en Loir-et-Cher","url":"https:\/\/pastoraledutourisme41.fr\/","logo":{"@type":"ImageObject","inLanguage":"fr-FR","@id":"https:\/\/pastoraledutourisme41.fr\/#\/schema\/logo\/image\/","url":"https:\/\/pastoraledutourisme41.fr\/wp-content\/uploads\/2020\/01\/LOGO-PRTL-.jpg","contentUrl":"https:\/\/pastoraledutourisme41.fr\/wp-content\/uploads\/2020\/01\/LOGO-PRTL-.jpg","width":120,"height":73,"caption":"Pastorale du Tourisme en Loir-et-Cher"},"image":{"@id":"https:\/\/pastoraledutourisme41.fr\/#\/schema\/logo\/image\/"}}]}},"_links":{"self":[{"href":"https:\/\/pastoraledutourisme41.fr\/index.php\/wp-json\/wp\/v2\/pages\/674","targetHints":{"allow":["GET"]}}],"collection":[{"href":"https:\/\/pastoraledutourisme41.fr\/index.php\/wp-json\/wp\/v2\/pages"}],"about":[{"href":"https:\/\/pastoraledutourisme41.fr\/index.php\/wp-json\/wp\/v2\/types\/page"}],"author":[{"embeddable":true,"href":"https:\/\/pastoraledutourisme41.fr\/index.php\/wp-json\/wp\/v2\/users\/5"}],"replies":[{"embeddable":true,"href":"https:\/\/pastoraledutourisme41.fr\/index.php\/wp-json\/wp\/v2\/comments?post=674"}],"version-history":[{"count":3,"href":"https:\/\/pastoraledutourisme41.fr\/index.php\/wp-json\/wp\/v2\/pages\/674\/revisions"}],"predecessor-version":[{"id":832,"href":"https:\/\/pastoraledutourisme41.fr\/index.php\/wp-json\/wp\/v2\/pages\/674\/revisions\/832"}],"wp:featuredmedia":[{"embeddable":true,"href":"https:\/\/pastoraledutourisme41.fr\/index.php\/wp-json\/wp\/v2\/media\/805"}],"wp:attachment":[{"href":"https:\/\/pastoraledutourisme41.fr\/index.php\/wp-json\/wp\/v2\/media?parent=674"}],"curies":[{"name":"wp","href":"https:\/\/api.w.org\/{rel}","templated":true}]}}